{"id":15180,"date":"2024-08-22T16:35:17","date_gmt":"2024-08-22T14:35:17","guid":{"rendered":"https:\/\/comunitamagnificat.org\/historia-de-la-comunidad-magnificat\/"},"modified":"2025-10-28T23:32:11","modified_gmt":"2025-10-28T22:32:11","slug":"historia-de-la-comunidad-magnificat","status":"publish","type":"page","link":"https:\/\/comunitamagnificat.org\/es\/historia-de-la-comunidad-magnificat\/","title":{"rendered":"Historia de la Comunidad Magnificat"},"content":{"rendered":"\n<p><\/p>\n\n<div style=\"height:50px\" aria-hidden=\"true\" class=\"wp-block-spacer\"><\/div>\n\n<blockquote class=\"wp-block-quote is-layout-flow wp-block-quote-is-layout-flow\">\n<p><strong><em><br\/><br\/>Mi alma engrandece al Se\u00f1or y mi esp\u00edritu exulta en Dios, mi Salvador, porque ha mirado la humildad de su sierva.<\/em><\/strong><\/p>\n<cite>Lucas 1:46-48<\/cite><\/blockquote>\n\n<div style=\"height:50px\" aria-hidden=\"true\" class=\"wp-block-spacer\"><\/div>\n\n<div class=\"wp-block-columns is-layout-flex wp-container-core-columns-is-layout-9d6595d7 wp-block-columns-is-layout-flex\">\n<div class=\"wp-block-column is-layout-flow wp-block-column-is-layout-flow\">\n<p class=\"has-text-align-center\"><strong>La historia de la Comunidad Magnificat<\/strong> comenz\u00f3 a mediados de los a\u00f1os 70, con el advenimiento en la Iglesia de la <em><strong>Renovaci\u00f3n Carism\u00e1tica Cat\u00f3lica<\/strong><\/em> que fue acogida oficialmente en el Vaticano por el Papa Pablo VI el 19 de mayo de 1975, con ocasi\u00f3n de su III Congreso Internacional.<\/p>\n\n\n\n<div style=\"height:30px\" aria-hidden=\"true\" class=\"wp-block-spacer\"><\/div>\n\n\n\n<p class=\"has-text-align-center\"><br\/>Desde entonces, a trav\u00e9s de muchas vicisitudes, acompa\u00f1ada por los pastores de la Iglesia -primero en Perusa, luego en Roma-, la Comunidad fue testigo de una cascada de gracias: <em>conversiones<\/em>, <em>curaciones<\/em>, <em>liberaciones<\/em>, <em>vocaciones<\/em>&#8230; mientras el n\u00famero de Fraternidades crec\u00eda y se extend\u00eda por Italia y otras naciones. En esta p\u00e1gina encontrar\u00e1s las noticias esenciales de la historia de la Comunidad.<\/p>\n<\/div>\n<\/div>\n\n<div style=\"height:50px\" aria-hidden=\"true\" class=\"wp-block-spacer\"><\/div>\n\n<div class=\"wp-block-columns is-layout-flex wp-container-core-columns-is-layout-9d6595d7 wp-block-columns-is-layout-flex\">\n<div class=\"wp-block-column is-layout-flow wp-block-column-is-layout-flow\">\n<section id=\"magnificat-wide-full-img-text-block_6064d7d66fe97\" class=\"wp-block-magnificat-wide-full-img-text 1\">\n    <div class=\"img\">\n        <picture><source type='image\/jpeg' srcset='https:\/\/comunitamagnificat.org\/wp-content\/uploads\/2021\/03\/Anni-Settanta.jpg 800w, https:\/\/comunitamagnificat.org\/wp-content\/uploads\/2021\/03\/Anni-Settanta-300x209.jpg 300w, https:\/\/comunitamagnificat.org\/wp-content\/uploads\/2021\/03\/Anni-Settanta-768x536.jpg 768w' sizes='(max-width: 800px) 100vw, 800px' \/><img loading=\"lazy\" decoding=\"async\" width=\"800\" height=\"558\" src=\"https:\/\/comunitamagnificat.org\/wp-content\/uploads\/2021\/03\/Anni-Settanta.jpg\" class=\"attachment-full size-full\" alt=\"\" tcimage-skip=\"true\"  sizes=\"auto, (max-width: 800px) 100vw, 800px\" \/><\/picture>    <\/div>\n    <div class=\"text\">\n        <h2><\/h2>\n        <h1>1970s<\/h1>\n        <p class=\"focus\"><\/p>\n        <p>Roma, 1973. El Papa Pablo VI recibe a algunos l\u00edderes de la Renovaci\u00f3n Carism\u00e1tica Cat\u00f3lica. <\/p>\n        <\/div>\n    <\/div>\n<\/section>\n<\/div>\n<\/div>\n\n<details class=\"wp-block-details cm_new_accordion is-layout-flow wp-block-details-is-layout-flow\"><summary>1970 A 1979<\/summary>\n<div class=\"wp-block-columns is-layout-flex wp-container-core-columns-is-layout-9d6595d7 wp-block-columns-is-layout-flex\">\n<div class=\"wp-block-column is-layout-flow wp-block-column-is-layout-flow\" style=\"flex-basis:15%\">\n<h2 class=\"wp-block-heading\" id=\"1975\">1975<\/h2>\n<\/div>\n\n\n\n<div class=\"wp-block-column is-layout-flow wp-block-column-is-layout-flow\" style=\"flex-basis:80%\">\n<p><strong>18 de mayo<\/strong>: en la solemnidad de Pentecost\u00e9s, se celebra en Roma el Congreso Mundial de la <em>Renovaci\u00f3n Carism\u00e1tica<\/em> Cat\u00f3lica. Al d\u00eda siguiente, un grupo de laicos junto con el p\u00e1rroco de San Donato all&#8217;Elce en Perugia sienten un fuerte deseo de empezar a vivir esta experiencia iniciada con los hermanos de la <em>Comunidad de Mar\u00eda.<\/em> <\/p>\n\n\n\n<p><strong>21 de diciembre<\/strong>: Agnese Mezzetti y su hija Valentina Bettelli reciben la Oraci\u00f3n de Efusi\u00f3n en el <em>Grupo Mar\u00eda<\/em> de Roma.<\/p>\n<\/div>\n<\/div>\n\n\n\n<div style=\"height:30px\" aria-hidden=\"true\" class=\"wp-block-spacer\"><\/div>\n\n\n\n<div class=\"wp-block-columns is-layout-flex wp-container-core-columns-is-layout-9d6595d7 wp-block-columns-is-layout-flex\">\n<div class=\"wp-block-column is-layout-flow wp-block-column-is-layout-flow\" style=\"flex-basis:15%\">\n<h2 class=\"wp-block-heading\" id=\"1976\">1976<\/h2>\n<\/div>\n\n\n\n<div class=\"wp-block-column is-layout-flow wp-block-column-is-layout-flow\" style=\"flex-basis:80%\">\n<p><strong>En los primeros meses del a\u00f1o,<\/strong> varios familiares y conocidos de Agnes y Valentina se unen a la experiencia; entre ellos, <a href=\"https:\/\/comunitamagnificat.org\/es\/tarcisio-mezzetti\/\" data-type=\"page\" data-id=\"469\">Tarcisio Mezzetti<\/a> con toda su familia. Comienza una reuni\u00f3n de oraci\u00f3n en la parroquia de San Ferdinando<\/p>\n\n\n\n<p><strong>Noviembre<\/strong>: Jacqueline Dupuy y Alfredo Ancillotti inician en Roma la <em>Comunit\u00e0 Maria<\/em>, a la que se une tambi\u00e9n la realidad carism\u00e1tica surgida en Perugia.<\/p>\n<\/div>\n<\/div>\n\n\n\n<div style=\"height:30px\" aria-hidden=\"true\" class=\"wp-block-spacer\"><\/div>\n\n\n\n<div class=\"wp-block-columns is-layout-flex wp-container-core-columns-is-layout-9d6595d7 wp-block-columns-is-layout-flex\">\n<div class=\"wp-block-column is-layout-flow wp-block-column-is-layout-flow\" style=\"flex-basis:15%\">\n<h2 class=\"wp-block-heading\" id=\"1977\">1977<\/h2>\n\n\n\n<p><\/p>\n<\/div>\n\n\n\n<div class=\"wp-block-column is-layout-flow wp-block-column-is-layout-flow\" style=\"flex-basis:80%\">\n<p>Tarcisio, profesor universitario, inicia una amplia actividad de evangelizaci\u00f3n entre sus alumnos; esta actividad es vivida con tensi\u00f3n por los dirigentes de la Comunidad de Mar\u00eda. La reuni\u00f3n de oraci\u00f3n se traslada de la iglesia de Santa Giuliana a la capilla del Obispado. En la parroquia del barrio universitario -San Donato all&#8217;Elce- se celebra un seminario de efusi\u00f3n para m\u00e1s de un centenar de j\u00f3venes.  <\/p>\n<\/div>\n<\/div>\n\n\n\n<div style=\"height:30px\" aria-hidden=\"true\" class=\"wp-block-spacer\"><\/div>\n\n\n\n<div class=\"wp-block-columns is-layout-flex wp-container-core-columns-is-layout-9d6595d7 wp-block-columns-is-layout-flex\">\n<div class=\"wp-block-column is-layout-flow wp-block-column-is-layout-flow\" style=\"flex-basis:15%\">\n<h2 class=\"wp-block-heading\" id=\"1978\">1978<\/h2>\n\n\n\n<p><\/p>\n<\/div>\n\n\n\n<div class=\"wp-block-column is-layout-flow wp-block-column-is-layout-flow\" style=\"flex-basis:80%\">\n<p><strong>Febrero<\/strong>: misi\u00f3n fuera de la ciudad, en la parroquia de Papiano, donde un buen n\u00famero de j\u00f3venes inician su camino.<\/p>\n\n\n\n<p><strong>9 de marzo<\/strong>: Agnese, Tarcisio y el P. Leonello Birettoni, p\u00e1rroco de San Ferdinando, son excluidos de la <em>Comunidad de Mar\u00eda<\/em>; el p\u00e1rroco de San Donato all&#8217;Elce, P. Nazzareno Bartocci, decide que no se interrumpan las reuniones de oraci\u00f3n iniciadas tras el seminario de efusi\u00f3n del a\u00f1o anterior, confiando a Agnese y Tarcisio su cuidado.<\/p>\n\n\n\n<p><strong>10 de marzo<\/strong>: durante un intenso momento de oraci\u00f3n personal, Tarcisio Mezzetti tiene una experiencia prof\u00e9tica acompa\u00f1ada de las palabras: \u00ab<em><span class=\"has-inline-color has-black-color\"><a href=\"https:\/\/comunitamagnificat.org\/es\/con-jesus-sobre-jesus-construir\/\" data-type=\"page\" data-id=\"520\">Con Jes\u00fas, sobre Jes\u00fas, construir<\/a><\/span><\/em>\u00ab, reconocidas m\u00e1s tarde como fundamentales y prof\u00e9ticas para la Comunidad.<\/p>\n\n\n\n<p><strong>Julio<\/strong>: a ra\u00edz de varios signos considerados prof\u00e9ticos &#8211; que se produjeron entre Lourdes y Perugia &#8211; se decidi\u00f3 dar a la nueva realidad el nombre de \u00ab<a href=\"https:\/\/comunitamagnificat.org\/es\/el-nombre-magnificat\/\" target=\"_blank\" rel=\"noopener\" title=\"\"><em>Comunidad Magnificat<\/em><\/a>\u00ab.<\/p>\n\n\n\n<p><strong>7 de diciembre<\/strong>, v\u00edspera de la solemnidad de la Inmaculada Concepci\u00f3n, en la parroquia de San Donato all&#8217;Elce de Perusa, durante una celebraci\u00f3n eucar\u00edstica, se funda formalmente la <em>Comunidad Magnificat<\/em>.<\/p>\n\n\n\n<div style=\"height:30px\" aria-hidden=\"true\" class=\"wp-block-spacer\"><\/div>\n<\/div>\n<\/div>\n\n\n\n<div class=\"wp-block-columns is-layout-flex wp-container-core-columns-is-layout-9d6595d7 wp-block-columns-is-layout-flex\">\n<div class=\"wp-block-column is-layout-flow wp-block-column-is-layout-flow\" style=\"flex-basis:15%\">\n<h2 class=\"wp-block-heading\" id=\"1979\">1979<\/h2>\n\n\n\n<p><\/p>\n<\/div>\n\n\n\n<div class=\"wp-block-column is-layout-flow wp-block-column-is-layout-flow\" style=\"flex-basis:80%\">\n<p><strong>22 de febrero<\/strong>: el arzobispo de Perugia-Citt\u00e0 della Pieve, monse\u00f1or Ferdinando Lambruschini, aprueba <em>ad experimentum<\/em> el primer <a href=\"https:\/\/comunitamagnificat.org\/es\/el-estatuto-de-1979\/\" data-type=\"page\" data-id=\"706\">Estatuto<\/a> riguroso.<\/p>\n\n\n\n<p><strong>Entre la primavera y el oto\u00f1o <\/strong>, en varias ocasiones, el Se\u00f1or da la profec\u00eda sobre el complejo de <a href=\"https:\/\/comunitamagnificat.org\/es\/san-manno\/\" data-type=\"page\" data-id=\"281\">San Manno<\/a>, cerca de Perusa, que -siguiendo una intrincada y maravillosa historia- se convertir\u00e1 en la sede de la Comunidad.<\/p>\n\n\n\n<p><strong>Finales de julio<\/strong>: Tarcisio, en la iglesia de San Donato all&#8217;Elce, recibe las palabras: \u00ab<em><span class=\"has-inline-color has-black-color\"><a href=\"https:\/\/comunitamagnificat.org\/es\/cuatro-promesas\/\" data-type=\"page\" data-id=\"526\">Quiero cuatro promesas de la Comunidad: pobreza, perd\u00f3n permanente, construcci\u00f3n del amor y servicio<\/a><\/span><\/em>\u00ab.<\/p>\n\n\n\n<p><strong>Agosto<\/strong>: durante el campamento comunitario celebrado en Paestum, en dos tiendas separadas, el Se\u00f1or habla a ambos grupos sobre las <em>cuatro promesas<\/em>: la Comunidad reconoce as\u00ed como prof\u00e9ticas las palabras escuchadas el mes anterior por Tarcisio y las acepta como base de su compromiso.<\/p>\n\n\n\n<p><strong>En el mismo a\u00f1o<\/strong>, se reconocen los dos carismas espec\u00edficos recibidos, que deben ejercerse prioritariamente: <em><a href=\"https:\/\/comunitamagnificat.org\/es\/adoracion-eucaristica\/\" data-type=\"page\" data-id=\"543\">La adoraci\u00f3n eucar\u00edstica<\/a><\/em> y <em><a href=\"https:\/\/comunitamagnificat.org\/es\/evangelizacion\/\" data-type=\"page\" data-id=\"607\">evangelizaci\u00f3n<\/a><\/em>.<\/p>\n<\/div>\n<\/div>\n<\/details>\n\n<div style=\"height:50px\" aria-hidden=\"true\" class=\"wp-block-spacer\"><\/div>\n\n<div class=\"wp-block-columns is-layout-flex wp-container-core-columns-is-layout-9d6595d7 wp-block-columns-is-layout-flex\">\n<div class=\"wp-block-column is-layout-flow wp-block-column-is-layout-flow\">\n<section id=\"magnificat-wide-full-img-text-block_6064e27e6e9bd\" class=\"wp-block-magnificat-wide-full-img-text 1\">\n    <div class=\"img\">\n        <picture><source type='image\/jpeg' srcset='https:\/\/comunitamagnificat.org\/wp-content\/uploads\/2021\/03\/Anni-Ottanta-scaled.jpg 2560w, https:\/\/comunitamagnificat.org\/wp-content\/uploads\/2021\/03\/Anni-Ottanta-300x211.jpg 300w, https:\/\/comunitamagnificat.org\/wp-content\/uploads\/2021\/03\/Anni-Ottanta-1024x721.jpg 1024w, https:\/\/comunitamagnificat.org\/wp-content\/uploads\/2021\/03\/Anni-Ottanta-768x541.jpg 768w, https:\/\/comunitamagnificat.org\/wp-content\/uploads\/2021\/03\/Anni-Ottanta-1536x1081.jpg 1536w, https:\/\/comunitamagnificat.org\/wp-content\/uploads\/2021\/03\/Anni-Ottanta-2048x1441.jpg 2048w' sizes='(max-width: 2560px) 100vw, 2560px' \/><img loading=\"lazy\" decoding=\"async\" width=\"2560\" height=\"1802\" src=\"https:\/\/comunitamagnificat.org\/wp-content\/uploads\/2021\/03\/Anni-Ottanta-scaled.jpg\" class=\"attachment-full size-full\" alt=\"\" tcimage-skip=\"true\"  sizes=\"auto, (max-width: 2560px) 100vw, 2560px\" \/><\/picture>    <\/div>\n    <div class=\"text\">\n        <h2><\/h2>\n        <h1>1980s<\/h1>\n        <p class=\"focus\"><\/p>\n        <p>Tarcisio Mezzetti pronuncia una conferencia durante una jornada comunitaria en 1987.<\/p>\n        <\/div>\n    <\/div>\n<\/section>\n<\/div>\n<\/div>\n\n<details class=\"wp-block-details cm_new_accordion is-layout-flow wp-block-details-is-layout-flow\"><summary>1980 A 1989<\/summary>\n<div class=\"wp-block-columns is-layout-flex wp-container-core-columns-is-layout-9d6595d7 wp-block-columns-is-layout-flex\">\n<div class=\"wp-block-column is-layout-flow wp-block-column-is-layout-flow\" style=\"flex-basis:15%\">\n<h2 class=\"wp-block-heading\" id=\"1981\">1981<\/h2>\n\n\n\n<p><\/p>\n<\/div>\n\n\n\n<div class=\"wp-block-column is-layout-flow wp-block-column-is-layout-flow\" style=\"flex-basis:80%\">\n<p><strong>8 de diciembre<\/strong>: celebraci\u00f3n de la primera <em>Fiesta de la Comunidad<\/em>, con el<em>Acto de Encomienda a Mar\u00eda<\/em>.<\/p>\n\n\n\n<div style=\"height:30px\" aria-hidden=\"true\" class=\"wp-block-spacer\"><\/div>\n<\/div>\n<\/div>\n\n\n\n<div class=\"wp-block-columns is-layout-flex wp-container-core-columns-is-layout-9d6595d7 wp-block-columns-is-layout-flex\">\n<div class=\"wp-block-column is-layout-flow wp-block-column-is-layout-flow\" style=\"flex-basis:15%\">\n<h2 class=\"wp-block-heading\" id=\"1982\">1982<\/h2>\n\n\n\n<p><\/p>\n<\/div>\n\n\n\n<div class=\"wp-block-column is-layout-flow wp-block-column-is-layout-flow\" style=\"flex-basis:80%\">\n<p>Durante la VI Convocatoria Nacional de Animadores de RnS en 1982, se distribuy\u00f3 el primer n\u00famero de la revista <em><a href=\"https:\/\/comunitamagnificat.org\/es\/ven-a-ver\/\" data-type=\"page\" data-id=\"4542\">Ven y ver\u00e1s<\/a><\/em>producida y editada \u00edntegramente por la Comunidad.<\/p>\n\n\n\n<p>A ra\u00edz de las actividades misioneras y evangelizadoras, se crearon nuevas fundaciones comunitarias en otras ciudades: Cortona, Salerno y Tur\u00edn.<\/p>\n\n\n\n<div style=\"height:30px\" aria-hidden=\"true\" class=\"wp-block-spacer\"><\/div>\n<\/div>\n<\/div>\n\n\n\n<div class=\"wp-block-columns is-layout-flex wp-container-core-columns-is-layout-9d6595d7 wp-block-columns-is-layout-flex\">\n<div class=\"wp-block-column is-layout-flow wp-block-column-is-layout-flow\" style=\"flex-basis:15%\">\n<h2 class=\"wp-block-heading\" id=\"1984\">1984<\/h2>\n\n\n\n<p><\/p>\n<\/div>\n\n\n\n<div class=\"wp-block-column is-layout-flow wp-block-column-is-layout-flow\" style=\"flex-basis:80%\">\n<p>El nuevo arzobispo de Perugia-Citt\u00e0 della Pieve, monse\u00f1or Cesare Pagani, pidi\u00f3 a la Comunidad que elaborara una <em>Regla<\/em> que especificara mejor su vida y sus fines. Las realidades comunitarias de las otras ciudades, junto con la de Perugia, se consideran \u00abhermanas\u00bb: existe entre ellas una fuerte comuni\u00f3n de intenciones, pero todav\u00eda no hay un v\u00ednculo formal. <\/p>\n\n\n\n<p><strong>15 de octubre<\/strong>: en la peque\u00f1a iglesia de Nuestra Se\u00f1ora de la Luz, en el centro de Perusa, cedida por el Arzobispo a la Comunidad, comienza la adoraci\u00f3n perpetua al Sant\u00edsimo Sacramento, inaugurada (dos d\u00edas antes) por una celebraci\u00f3n eucar\u00edstica presidida por el Padre Raniero Cantalamessa.<\/p>\n\n\n\n<div style=\"height:30px\" aria-hidden=\"true\" class=\"wp-block-spacer\"><\/div>\n<\/div>\n<\/div>\n\n\n\n<div class=\"wp-block-columns is-layout-flex wp-container-core-columns-is-layout-9d6595d7 wp-block-columns-is-layout-flex\">\n<div class=\"wp-block-column is-layout-flow wp-block-column-is-layout-flow\" style=\"flex-basis:15%\">\n<h2 class=\"wp-block-heading\" id=\"1985\">1985<\/h2>\n\n\n\n<p><\/p>\n<\/div>\n\n\n\n<div class=\"wp-block-column is-layout-flow wp-block-column-is-layout-flow\" style=\"flex-basis:80%\">\n<p><strong>11 de febrero<\/strong>: la experiencia del<em><a href=\"https:\/\/comunitamagnificat.org\/es\/aliados-del-agnus-dei\/\" data-type=\"page\" data-id=\"624\">Agnus Dei<\/a><\/em>Vanda Rossi y Ginette Girardet, hermanas de la Comunidad, comienzan una vida juntas.<\/p>\n\n\n\n<p><strong>10 de marzo<\/strong>: Durante una jornada comunitaria en el Cen\u00e1culo Franciscano de Santa Maria degli Angeli (PG), Tarcisio pronunci\u00f3 la famosa catequesis \u00ab<em><a href=\"https:\/\/comunitamagnificat.org\/es\/sonar-el-sueno-de-dios\/\" data-type=\"page\" data-id=\"572\">So\u00f1ar el sue\u00f1o de Dios<\/a><\/em>\u00ab.<\/p>\n\n\n\n<p><strong>A finales de la primavera <\/strong>, a la experiencia de la Comunidad Magnificat se uni\u00f3 la realidad de Foggia.<\/p>\n\n\n\n<p><strong>12 de junio<\/strong>: en Prepo (PG) se celebra la primera <em><a href=\"https:\/\/comunitamagnificat.org\/es\/alianza\/\" data-type=\"page\" data-id=\"534\">Alianza<\/a><\/em> s\u00f3lo por los responsables.<\/p>\n\n\n\n<p><strong>8 de diciembre<\/strong>: primera renovaci\u00f3n p\u00fablica de las <em>cuatro promesas<\/em>, en el Oasis de San Antonio, Perusa.<\/p>\n\n\n\n<div style=\"height:30px\" aria-hidden=\"true\" class=\"wp-block-spacer\"><\/div>\n<\/div>\n<\/div>\n\n\n\n<div class=\"wp-block-columns is-layout-flex wp-container-core-columns-is-layout-9d6595d7 wp-block-columns-is-layout-flex\">\n<div class=\"wp-block-column is-layout-flow wp-block-column-is-layout-flow\" style=\"flex-basis:15%\">\n<h2 class=\"wp-block-heading\" id=\"1986\">1986<\/h2>\n\n\n\n<p><\/p>\n<\/div>\n\n\n\n<div class=\"wp-block-column is-layout-flow wp-block-column-is-layout-flow\" style=\"flex-basis:80%\">\n<p><strong>23 de febrero<\/strong>: Trece hermanos y hermanas son elegidos para coordinar las Comunidades Magnificat, que constituir\u00e1n el <em>ministerio de servicio<\/em>.<\/p>\n\n\n\n<p><strong>10 de septiembre<\/strong>: la Curia de Perusa cede gratuitamente a la Comunidad el complejo de San Manno.<\/p>\n\n\n\n<p><strong>8 de diciembre<\/strong>: renovaci\u00f3n de las <em>cuatro promesas<\/em> en presencia del arzobispo monse\u00f1or Cesare Pagani.<\/p>\n<\/div>\n<\/div>\n\n\n\n<div style=\"height:30px\" aria-hidden=\"true\" class=\"wp-block-spacer\"><\/div>\n\n\n\n<div class=\"wp-block-columns is-layout-flex wp-container-core-columns-is-layout-9d6595d7 wp-block-columns-is-layout-flex\">\n<div class=\"wp-block-column is-layout-flow wp-block-column-is-layout-flow\" style=\"flex-basis:15%\">\n<h2 class=\"wp-block-heading\" id=\"1987\">1987<\/h2>\n\n\n\n<p><\/p>\n<\/div>\n\n\n\n<div class=\"wp-block-column is-layout-flow wp-block-column-is-layout-flow\" style=\"flex-basis:80%\">\n<p><strong>29 de noviembre<\/strong>: en el <em>Cen\u00e1culo Franciscano<\/em> de Santa Maria degli Angeli (PG) ciento setenta y un hermanos y hermanas de todas las realidades de la Comunidad Magnificat de Italia hacen las cuatro promesas y firman <em>el Libro de la Alianza<\/em>.<\/p>\n<\/div>\n<\/div>\n<\/details>\n\n<div style=\"height:50px\" aria-hidden=\"true\" class=\"wp-block-spacer\"><\/div>\n\n<div class=\"wp-block-columns is-layout-flex wp-container-core-columns-is-layout-9d6595d7 wp-block-columns-is-layout-flex\">\n<div class=\"wp-block-column is-layout-flow wp-block-column-is-layout-flow\">\n<section id=\"magnificat-wide-full-img-text-block_6064e6356e9be\" class=\"wp-block-magnificat-wide-full-img-text 1\">\n    <div class=\"img\">\n        <picture><source type='image\/jpeg' srcset='https:\/\/comunitamagnificat.org\/wp-content\/uploads\/2021\/03\/Anni-Novanta.jpg 1498w, https:\/\/comunitamagnificat.org\/wp-content\/uploads\/2021\/03\/Anni-Novanta-300x203.jpg 300w, https:\/\/comunitamagnificat.org\/wp-content\/uploads\/2021\/03\/Anni-Novanta-1024x693.jpg 1024w, https:\/\/comunitamagnificat.org\/wp-content\/uploads\/2021\/03\/Anni-Novanta-768x520.jpg 768w' sizes='(max-width: 1498px) 100vw, 1498px' \/><img loading=\"lazy\" decoding=\"async\" width=\"1498\" height=\"1014\" src=\"https:\/\/comunitamagnificat.org\/wp-content\/uploads\/2021\/03\/Anni-Novanta.jpg\" class=\"attachment-full size-full\" alt=\"\" tcimage-skip=\"true\"  sizes=\"auto, (max-width: 1498px) 100vw, 1498px\" \/><\/picture>    <\/div>\n    <div class=\"text\">\n        <h2><\/h2>\n        <h1>A\u00f1os noventa<\/h1>\n        <p class=\"focus\"><\/p>\n        <p>Perugia, 15 de octubre de 1995. En el centro de la foto Monse\u00f1or Ennio Antonelli, Administrador Apost\u00f3lico de Perugia &#8211; Citt\u00e0 della Pieve, el d\u00eda de la entrega de la <em>Regla de<\/em> Vida, con algunos responsables de la Comunidad. <\/p>\n        <\/div>\n    <\/div>\n<\/section>\n<\/div>\n<\/div>\n\n<details class=\"wp-block-details cm_new_accordion is-layout-flow wp-block-details-is-layout-flow\"><summary>1990 A 1999<\/summary>\n<div class=\"wp-block-columns is-layout-flex wp-container-core-columns-is-layout-9d6595d7 wp-block-columns-is-layout-flex\">\n<div class=\"wp-block-column is-layout-flow wp-block-column-is-layout-flow\" style=\"flex-basis:15%\">\n<h2 class=\"wp-block-heading\" id=\"1990\">1990<\/h2>\n\n\n\n<p><\/p>\n<\/div>\n\n\n\n<div class=\"wp-block-column is-layout-flow wp-block-column-is-layout-flow\" style=\"flex-basis:80%\">\n<p>Por iniciativa de la Comunidad de Foggia, se inici\u00f3 un camino de discernimiento para que la Comunidad Magnificat se convirtiera en una \u00fanica realidad.<\/p>\n<\/div>\n<\/div>\n\n\n\n<div style=\"height:30px\" aria-hidden=\"true\" class=\"wp-block-spacer\"><\/div>\n\n\n\n<div class=\"wp-block-columns is-layout-flex wp-container-core-columns-is-layout-9d6595d7 wp-block-columns-is-layout-flex\">\n<div class=\"wp-block-column is-layout-flow wp-block-column-is-layout-flow\" style=\"flex-basis:15%\">\n<h2 class=\"wp-block-heading\" id=\"1991\">1991<\/h2>\n\n\n\n<p><\/p>\n<\/div>\n\n\n\n<div class=\"wp-block-column is-layout-flow wp-block-column-is-layout-flow\" style=\"flex-basis:80%\">\n<p><strong>Abril<\/strong>: comienza el discernimiento sobre los <em><a href=\"https:\/\/comunitamagnificat.org\/es\/los-ancianos-y-la-profecia\/\" data-type=\"page\" data-id=\"669\">ancianos<\/a><\/em> de la Comunidad.<\/p>\n\n\n\n<p><strong>8-9 de junio<\/strong>: durante un retiro en el Instituto Don Orione de Roma para los responsables de las Comunidades Magnificat, se acelera el discernimiento, que lleva a la decisi\u00f3n de que la Comunidad Magnificat sea <em>una sola<\/em>, bajo la direcci\u00f3n de los <em>ancianos<\/em>.<\/p>\n\n\n\n<p><strong>12-13 de octubre<\/strong>: la Comunidad Magnificat se convierte en <em>una<\/em> y se elige a <em>cuatro ancianos<\/em> como dirigentes: Antonio Vella, Oreste Pesare, Stefano Bagianti y Tarcisio Mezzetti. Permanecer\u00e1n en el cargo hasta que se elabore un estatuto aprobado. <\/p>\n<\/div>\n<\/div>\n\n\n\n<div style=\"height:30px\" aria-hidden=\"true\" class=\"wp-block-spacer\"><\/div>\n\n\n\n<div class=\"wp-block-columns is-layout-flex wp-container-core-columns-is-layout-9d6595d7 wp-block-columns-is-layout-flex\">\n<div class=\"wp-block-column is-layout-flow wp-block-column-is-layout-flow\" style=\"flex-basis:15%\">\n<h2 class=\"wp-block-heading\" id=\"1992\">1992<\/h2>\n\n\n\n<p><\/p>\n<\/div>\n\n\n\n<div class=\"wp-block-column is-layout-flow wp-block-column-is-layout-flow\" style=\"flex-basis:80%\">\n<p>Los cuatro ancianos elegidos experimentan profundas dificultades que repercuten en la comunidad, especialmente en los que gravitan en torno a Perugia.<\/p>\n\n\n\n<p><strong>20 de diciembre<\/strong>: La<em>Alianza<\/em> se celebra en las distintas zonas.<\/p>\n<\/div>\n<\/div>\n\n\n\n<div style=\"height:30px\" aria-hidden=\"true\" class=\"wp-block-spacer\"><\/div>\n\n\n\n<div class=\"wp-block-columns is-layout-flex wp-container-core-columns-is-layout-9d6595d7 wp-block-columns-is-layout-flex\">\n<div class=\"wp-block-column is-layout-flow wp-block-column-is-layout-flow\" style=\"flex-basis:15%\">\n<h2 class=\"wp-block-heading\" id=\"1993\">1993<\/h2>\n\n\n\n<p><\/p>\n<\/div>\n\n\n\n<div class=\"wp-block-column is-layout-flow wp-block-column-is-layout-flow\" style=\"flex-basis:80%\">\n<p>En la zona de Perugia de la Comunidad, la actividad ministerial se detiene y se produce -a partir de entonces, en esa zona- un fuerte descenso del n\u00famero de aliados.<\/p>\n<\/div>\n<\/div>\n\n\n\n<div style=\"height:30px\" aria-hidden=\"true\" class=\"wp-block-spacer\"><\/div>\n\n\n\n<div class=\"wp-block-columns is-layout-flex wp-container-core-columns-is-layout-9d6595d7 wp-block-columns-is-layout-flex\">\n<div class=\"wp-block-column is-layout-flow wp-block-column-is-layout-flow\" style=\"flex-basis:15%\">\n<h2 class=\"wp-block-heading\" id=\"1994\">1994<\/h2>\n\n\n\n<p><\/p>\n<\/div>\n\n\n\n<div class=\"wp-block-column is-layout-flow wp-block-column-is-layout-flow\" style=\"flex-basis:80%\">\n<p><strong>14 de enero<\/strong>: el arzobispo de Perusa, monse\u00f1or Ennio Antonelli, crea una comisi\u00f3n para redactar la <em>Regla de Vida<\/em>.<\/p>\n\n\n\n<p><strong>Septiembre<\/strong>: se experimenta por primera vez una marcha \u00abpaso a paso\u00bb en Perugia.<\/p>\n\n\n\n<p><strong>Diciembre<\/strong>: se establecen las Zonas de Foggia, Perugia (formada por las Fraternidades de Cortona, Marsciano y Perugia), Salerno y Tur\u00edn; al mismo tiempo, se nombran <em>ancianos<\/em> en cada una de estas realidades y se eligen los primeros dirigentes.<\/p>\n<\/div>\n<\/div>\n\n\n\n<div style=\"height:30px\" aria-hidden=\"true\" class=\"wp-block-spacer\"><\/div>\n\n\n\n<div class=\"wp-block-columns is-layout-flex wp-container-core-columns-is-layout-9d6595d7 wp-block-columns-is-layout-flex\">\n<div class=\"wp-block-column is-layout-flow wp-block-column-is-layout-flow\" style=\"flex-basis:15%\">\n<h2 class=\"wp-block-heading\" id=\"1995\">1995<\/h2>\n\n\n\n<p><\/p>\n<\/div>\n\n\n\n<div class=\"wp-block-column is-layout-flow wp-block-column-is-layout-flow\" style=\"flex-basis:80%\">\n<p><strong>15 de octubre<\/strong>: Monse\u00f1or Ennio Antonelli reconoce a la <em>Comunidad Magnificat<\/em> como <em>asociaci\u00f3n privada de fieles de<\/em> derecho diocesano y aprueba sus <a href=\"https:\/\/comunitamagnificat.org\/es\/la-regla-de-vida-de-1995\/\" data-type=\"page\" data-id=\"722\">estatutos<\/a> <em>ad experimentum<\/em> por tres a\u00f1os.<\/p>\n\n\n\n<p><strong>17 de diciembre<\/strong>: en Sacrofano (Roma), en la <em>Fraterna Domus<\/em>, se eligen por primera vez cinco directores generales <em><a href=\"https:\/\/comunitamagnificat.org\/es\/comunidad-a\/\" data-type=\"page\" data-id=\"661\">directores generales<\/a><\/em>a los que responde toda la Comunidad, uno por cada zona: Oreste Pesare (Presidente), Daniele Mezzetti, Giancarlo Giordano, Luigi Montesi, Simona Manzoni; el <em>Asesor Espiritual<\/em> General es Fr. Gernaldo Conti.<\/p>\n<\/div>\n<\/div>\n\n\n\n<div style=\"height:30px\" aria-hidden=\"true\" class=\"wp-block-spacer\"><\/div>\n\n\n\n<div class=\"wp-block-columns is-layout-flex wp-container-core-columns-is-layout-9d6595d7 wp-block-columns-is-layout-flex\">\n<div class=\"wp-block-column is-layout-flow wp-block-column-is-layout-flow\" style=\"flex-basis:15%\">\n<h2 class=\"wp-block-heading\" id=\"1996\">1996<\/h2>\n\n\n\n<p><\/p>\n<\/div>\n\n\n\n<div class=\"wp-block-column is-layout-flow wp-block-column-is-layout-flow\" style=\"flex-basis:80%\">\n<p><strong>17 de abril<\/strong>: Por decreto del Cardenal Stanis\u0142aw Ry\u0142ko, Secretario del <em>Consejo Pontificio para los Laicos<\/em>, la <em>Comunidad Magnificat<\/em> es reconocida como miembro de pleno derecho de la <em>Fraternidad Cat\u00f3lica de Comunidades Carism\u00e1ticas de Alianza<\/em>, asociaci\u00f3n internacional de Derecho Pontificio.<\/p>\n\n\n\n<p><strong>12-13 de octubre<\/strong>: Primer <em>Cap\u00edtulo<\/em> Extraordinario <em>de<\/em> <em>Ancianos de<\/em> la Comunidad.<\/p>\n<\/div>\n<\/div>\n\n\n\n<div style=\"height:30px\" aria-hidden=\"true\" class=\"wp-block-spacer\"><\/div>\n\n\n\n<div class=\"wp-block-columns is-layout-flex wp-container-core-columns-is-layout-9d6595d7 wp-block-columns-is-layout-flex\">\n<div class=\"wp-block-column is-layout-flow wp-block-column-is-layout-flow\" style=\"flex-basis:15%\">\n<h2 class=\"wp-block-heading\" id=\"1998\">1998<\/h2>\n\n\n\n<p><\/p>\n<\/div>\n\n\n\n<div class=\"wp-block-column is-layout-flow wp-block-column-is-layout-flow\" style=\"flex-basis:80%\">\n<p>La Fraternidad de Cortona se separ\u00f3 de la Zona de Perusa y se convirti\u00f3 en el primer embri\u00f3n de la futura Zona de Toscana.<\/p>\n<\/div>\n<\/div>\n<\/details>\n\n<div style=\"height:50px\" aria-hidden=\"true\" class=\"wp-block-spacer\"><\/div>\n\n<div class=\"wp-block-columns is-layout-flex wp-container-core-columns-is-layout-9d6595d7 wp-block-columns-is-layout-flex\">\n<div class=\"wp-block-column is-layout-flow wp-block-column-is-layout-flow\">\n<section id=\"magnificat-wide-full-img-text-block_6064e8db6e9bf\" class=\"wp-block-magnificat-wide-full-img-text 1\">\n    <div class=\"img\">\n        <picture><source type='image\/jpeg' srcset='https:\/\/comunitamagnificat.org\/wp-content\/uploads\/2021\/03\/Primi-anni-Duemila-scaled.jpg 2560w, https:\/\/comunitamagnificat.org\/wp-content\/uploads\/2021\/03\/Primi-anni-Duemila-300x199.jpg 300w, https:\/\/comunitamagnificat.org\/wp-content\/uploads\/2021\/03\/Primi-anni-Duemila-1024x681.jpg 1024w, https:\/\/comunitamagnificat.org\/wp-content\/uploads\/2021\/03\/Primi-anni-Duemila-768x511.jpg 768w, https:\/\/comunitamagnificat.org\/wp-content\/uploads\/2021\/03\/Primi-anni-Duemila-1536x1021.jpg 1536w, https:\/\/comunitamagnificat.org\/wp-content\/uploads\/2021\/03\/Primi-anni-Duemila-2048x1362.jpg 2048w' sizes='(max-width: 2560px) 100vw, 2560px' \/><img loading=\"lazy\" decoding=\"async\" width=\"2560\" height=\"1702\" src=\"https:\/\/comunitamagnificat.org\/wp-content\/uploads\/2021\/03\/Primi-anni-Duemila-scaled.jpg\" class=\"attachment-full size-full\" alt=\"\" tcimage-skip=\"true\"  sizes=\"auto, (max-width: 2560px) 100vw, 2560px\" \/><\/picture>    <\/div>\n    <div class=\"text\">\n        <h2><\/h2>\n        <h1>Principios de la d\u00e9cada de 2000<\/h1>\n        <p class=\"focus\"><\/p>\n        <p>Montesilvano, 4 de enero de 2005, Convenci\u00f3n General. El Moderador General de la Comunidad, Stefano Ragnacci, se dirige a Monse\u00f1or Giuseppe Chiaretti, Arzobispo de Perugia &#8211; Citt\u00e0 della Pieve, y a Monse\u00f1or Gualtiero Bassetti, Obispo de Arezzo &#8211; Cortona &#8211; Sansepolcro, el d\u00eda de la entrega del Estatuto reci\u00e9n revisado por la Comunidad y aprobado el 24 de diciembre de 2004. <\/p>\n        <\/div>\n    <\/div>\n<\/section>\n<\/div>\n<\/div>\n\n<details class=\"wp-block-details cm_new_accordion is-layout-flow wp-block-details-is-layout-flow\"><summary>2000 A 2009<\/summary>\n<div class=\"wp-block-columns is-layout-flex wp-container-core-columns-is-layout-9d6595d7 wp-block-columns-is-layout-flex\">\n<div class=\"wp-block-column is-layout-flow wp-block-column-is-layout-flow\" style=\"flex-basis:15%\">\n<h2 class=\"wp-block-heading\" id=\"2000\">2000<\/h2>\n\n\n\n<p><\/p>\n<\/div>\n\n\n\n<div class=\"wp-block-column is-layout-flow wp-block-column-is-layout-flow\" style=\"flex-basis:80%\">\n<p><strong>8-9 de enero<\/strong>: se celebra en Fiuggi (Roma) la primera conferencia general de la Comunidad Magnificat.<\/p>\n<\/div>\n<\/div>\n\n\n\n<div style=\"height:30px\" aria-hidden=\"true\" class=\"wp-block-spacer\"><\/div>\n\n\n\n<div class=\"wp-block-columns is-layout-flex wp-container-core-columns-is-layout-9d6595d7 wp-block-columns-is-layout-flex\">\n<div class=\"wp-block-column is-layout-flow wp-block-column-is-layout-flow\" style=\"flex-basis:15%\">\n<h2 class=\"wp-block-heading\" id=\"2002\">2002<\/h2>\n\n\n\n<p><\/p>\n<\/div>\n\n\n\n<div class=\"wp-block-column is-layout-flow wp-block-column-is-layout-flow\" style=\"flex-basis:80%\">\n<p><strong>Enero<\/strong>: con la dimisi\u00f3n de uno de los directores generales, comienza la crisis que llevar\u00e1 a casi toda Foggia a formar otra Comunidad.<\/p>\n<\/div>\n<\/div>\n\n\n\n<div style=\"height:30px\" aria-hidden=\"true\" class=\"wp-block-spacer\"><\/div>\n\n\n\n<div class=\"wp-block-columns is-layout-flex wp-container-core-columns-is-layout-9d6595d7 wp-block-columns-is-layout-flex\">\n<div class=\"wp-block-column is-layout-flow wp-block-column-is-layout-flow\" style=\"flex-basis:15%\">\n<h2 class=\"wp-block-heading\" id=\"2003\">2003<\/h2>\n\n\n\n<p><\/p>\n<\/div>\n\n\n\n<div class=\"wp-block-column is-layout-flow wp-block-column-is-layout-flow\" style=\"flex-basis:80%\">\n<p><strong>1 de enero<\/strong>: el arzobispo de Perugia, monse\u00f1or Giuseppe Chiaretti, que sucedi\u00f3 a Antonelli, nombra una nueva comisi\u00f3n para verificar el Estatuto. Forman parte de ella Hermanos representantes de cada zona. <\/p>\n\n\n\n<p><strong>25-26 de octubre<\/strong>: el Cap\u00edtulo Comunitario aprueba el nuevo texto del Estatuto.<\/p>\n\n\n\n<p><strong>12 de noviembre<\/strong>: el \u00e1rea de Foggia (excluidos doce aliados) anuncia el nacimiento de otra Comunidad, llamada <em>Magnificat Dominum<\/em>.<\/p>\n\n\n\n<p>En <strong>este a\u00f1o<\/strong> comenz\u00f3 el primer establecimiento de la Comunidad Magnificat en la ciudad de Bucarest, Ruman\u00eda, que en los a\u00f1os siguientes dar\u00eda lugar al nacimiento de varias fraternidades en todo el pa\u00eds.<\/p>\n<\/div>\n<\/div>\n\n\n\n<div style=\"height:30px\" aria-hidden=\"true\" class=\"wp-block-spacer\"><\/div>\n\n\n\n<div class=\"wp-block-columns is-layout-flex wp-container-core-columns-is-layout-9d6595d7 wp-block-columns-is-layout-flex\">\n<div class=\"wp-block-column is-layout-flow wp-block-column-is-layout-flow\" style=\"flex-basis:15%\">\n<h2 class=\"wp-block-heading\" id=\"2004\">2004<\/h2>\n\n\n\n<p><\/p>\n<\/div>\n\n\n\n<div class=\"wp-block-column is-layout-flow wp-block-column-is-layout-flow\" style=\"flex-basis:80%\">\n<p>A ra\u00edz de experiencias caritativas destinadas a ayudar a ni\u00f1os con dificultades en Ruman\u00eda, se fund\u00f3 <em>Operazione Fratellino<\/em>, que m\u00e1s tarde se convirti\u00f3 en una ONG destinada a diversos tipos de actividades caritativas en varios pa\u00edses del mundo.<\/p>\n\n\n\n<p><strong>24 de diciembre<\/strong>: Monse\u00f1or Chiaretti aprueba el nuevo <a href=\"https:\/\/comunitamagnificat.org\/es\/la-regla-de-vida-de-2004\/\" data-type=\"page\" data-id=\"739\">Estatuto<\/a>.<\/p>\n<\/div>\n<\/div>\n\n\n\n<div style=\"height:30px\" aria-hidden=\"true\" class=\"wp-block-spacer\"><\/div>\n\n\n\n<div class=\"wp-block-columns is-layout-flex wp-container-core-columns-is-layout-9d6595d7 wp-block-columns-is-layout-flex\">\n<div class=\"wp-block-column is-layout-flow wp-block-column-is-layout-flow\" style=\"flex-basis:15%\">\n<h2 class=\"wp-block-heading\" id=\"2005\">2005<\/h2>\n\n\n\n<p><\/p>\n<\/div>\n\n\n\n<div class=\"wp-block-column is-layout-flow wp-block-column-is-layout-flow\" style=\"flex-basis:80%\">\n<p><strong>4 de enero<\/strong>: durante la <em>Convenci\u00f3n General<\/em> celebrada en Montesilvano (PE), Monse\u00f1or Chiaretti entrega el nuevo Estatuto a la Comunidad; tambi\u00e9n est\u00e1 presente el Obispo de Arezzo &#8211; Cortona &#8211; Sansepolcro Gualtiero Bassetti, que en 2009 se convertir\u00e1 a su vez en Arzobispo de Perugia &#8211; Citt\u00e0 della Pieve, y por tanto en un nuevo punto de referencia para toda la Comunidad.<\/p>\n\n\n\n<p><strong>23 de septiembre<\/strong>: reapertura al culto de la peque\u00f1a iglesia del complejo monumental de San Manno, con una Eucarist\u00eda celebrada por Monse\u00f1or Chiaretti.<\/p>\n\n\n\n<div style=\"height:30px\" aria-hidden=\"true\" class=\"wp-block-spacer\"><\/div>\n<\/div>\n<\/div>\n\n\n\n<div class=\"wp-block-columns is-layout-flex wp-container-core-columns-is-layout-9d6595d7 wp-block-columns-is-layout-flex\">\n<div class=\"wp-block-column is-layout-flow wp-block-column-is-layout-flow\" style=\"flex-basis:15%\">\n<h2 class=\"wp-block-heading\" id=\"2006\">2006<\/h2>\n\n\n\n<p><\/p>\n<\/div>\n\n\n\n<div class=\"wp-block-column is-layout-flow wp-block-column-is-layout-flow\" style=\"flex-basis:80%\">\n<p>En la ciudad de Estambul (Turqu\u00eda), comenz\u00f3 una actividad de evangelizaci\u00f3n que dio origen a una fraternidad, compuesta casi en su totalidad por personas convertidas del Islam.<\/p>\n\n\n\n<div style=\"height:30px\" aria-hidden=\"true\" class=\"wp-block-spacer\"><\/div>\n<\/div>\n<\/div>\n\n\n\n<div class=\"wp-block-columns is-layout-flex wp-container-core-columns-is-layout-9d6595d7 wp-block-columns-is-layout-flex\">\n<div class=\"wp-block-column is-layout-flow wp-block-column-is-layout-flow\" style=\"flex-basis:15%\">\n<h2 class=\"wp-block-heading\" id=\"2007\">2007<\/h2>\n\n\n\n<p><\/p>\n<\/div>\n\n\n\n<div class=\"wp-block-column is-layout-flow wp-block-column-is-layout-flow\" style=\"flex-basis:80%\">\n<p><strong>25 de noviembre<\/strong>: el Cap\u00edtulo Comunitario aprueba la redacci\u00f3n del <em>Reglamento<\/em>, que desarrolla el Estatuto.<\/p>\n<\/div>\n<\/div>\n\n\n\n<div style=\"height:30px\" aria-hidden=\"true\" class=\"wp-block-spacer\"><\/div>\n\n\n\n<div class=\"wp-block-columns is-layout-flex wp-container-core-columns-is-layout-9d6595d7 wp-block-columns-is-layout-flex\">\n<div class=\"wp-block-column is-layout-flow wp-block-column-is-layout-flow\" style=\"flex-basis:15%\">\n<h2 class=\"wp-block-heading\" id=\"2008\">2008<\/h2>\n\n\n\n<p><\/p>\n<\/div>\n\n\n\n<div class=\"wp-block-column is-layout-flow wp-block-column-is-layout-flow\" style=\"flex-basis:80%\">\n<p><strong>10 de mayo<\/strong>: Monse\u00f1or Chiaretti escribe una carta a los obispos de Ruman\u00eda para presentarles la Comunidad Magnificat.<\/p>\n<\/div>\n<\/div>\n\n\n\n<div style=\"height:30px\" aria-hidden=\"true\" class=\"wp-block-spacer\"><\/div>\n\n\n\n<div class=\"wp-block-columns is-layout-flex wp-container-core-columns-is-layout-9d6595d7 wp-block-columns-is-layout-flex\" id=\"cm_new_accordion\">\n<div class=\"wp-block-column is-layout-flow wp-block-column-is-layout-flow\" style=\"flex-basis:15%\">\n<h2 class=\"wp-block-heading\" id=\"2009\">2009<\/h2>\n\n\n\n<p><\/p>\n<\/div>\n\n\n\n<div class=\"wp-block-column is-layout-flow wp-block-column-is-layout-flow\" style=\"flex-basis:80%\">\n<p><strong>30-31 de mayo<\/strong>: primera conferencia nacional de la Comunidad Magnificat en Ruman\u00eda.<\/p>\n<\/div>\n<\/div>\n<\/details>\n\n<div style=\"height:50px\" aria-hidden=\"true\" class=\"wp-block-spacer\"><\/div>\n\n<div class=\"wp-block-columns is-layout-flex wp-container-core-columns-is-layout-9d6595d7 wp-block-columns-is-layout-flex\">\n<div class=\"wp-block-column is-layout-flow wp-block-column-is-layout-flow\">\n<section id=\"magnificat-wide-full-img-text-block_6064ec3b6e9c0\" class=\"wp-block-magnificat-wide-full-img-text 1\">\n    <div class=\"img\">\n        <picture><source type='image\/jpeg' srcset='https:\/\/comunitamagnificat.org\/wp-content\/uploads\/2021\/03\/Anni-2010-2020.jpg 1920w, https:\/\/comunitamagnificat.org\/wp-content\/uploads\/2021\/03\/Anni-2010-2020-300x146.jpg 300w, https:\/\/comunitamagnificat.org\/wp-content\/uploads\/2021\/03\/Anni-2010-2020-1024x498.jpg 1024w, https:\/\/comunitamagnificat.org\/wp-content\/uploads\/2021\/03\/Anni-2010-2020-768x373.jpg 768w, https:\/\/comunitamagnificat.org\/wp-content\/uploads\/2021\/03\/Anni-2010-2020-1536x746.jpg 1536w' sizes='(max-width: 1920px) 100vw, 1920px' \/><img loading=\"lazy\" decoding=\"async\" width=\"1920\" height=\"933\" src=\"https:\/\/comunitamagnificat.org\/wp-content\/uploads\/2021\/03\/Anni-2010-2020.jpg\" class=\"attachment-full size-full\" alt=\"\" tcimage-skip=\"true\"  sizes=\"auto, (max-width: 1920px) 100vw, 1920px\" \/><\/picture>    <\/div>\n    <div class=\"text\">\n        <h2><\/h2>\n        <h1>A\u00f1os 2010-2020<\/h1>\n        <p class=\"focus\"><\/p>\n        <p>Ciofliceni, Snagov (Ruman\u00eda), <em>Convento de la Bienaventurada Virgen Mar\u00eda del Monte Carmelo<\/em>, 8 de junio de 2019. Adoraci\u00f3n eucar\u00edstica durante la conferencia nacional de la Comunidad Magnificat de Ruman\u00eda. <\/p>\n        <\/div>\n    <\/div>\n<\/section>\n<\/div>\n<\/div>\n\n<details class=\"wp-block-details cm_new_accordion is-layout-flow wp-block-details-is-layout-flow\"><summary>2010 A 2020<\/summary>\n<div class=\"wp-block-columns is-layout-flex wp-container-core-columns-is-layout-9d6595d7 wp-block-columns-is-layout-flex\">\n<div class=\"wp-block-column is-layout-flow wp-block-column-is-layout-flow\" style=\"flex-basis:15%\">\n<h2 class=\"wp-block-heading\" id=\"2011\">2011<\/h2>\n\n\n\n<p><\/p>\n<\/div>\n\n\n\n<div class=\"wp-block-column is-layout-flow wp-block-column-is-layout-flow\" style=\"flex-basis:80%\">\n<p>Nace una misi\u00f3n comunitaria en Paran\u00e1, Entre R\u00edos (Argentina), que dar\u00e1 origen a una Fraternidad en formaci\u00f3n en esa ciudad.<\/p>\n<\/div>\n<\/div>\n\n\n\n<div style=\"height:30px\" aria-hidden=\"true\" class=\"wp-block-spacer\"><\/div>\n\n\n\n<div class=\"wp-block-columns is-layout-flex wp-container-core-columns-is-layout-9d6595d7 wp-block-columns-is-layout-flex\">\n<div class=\"wp-block-column is-layout-flow wp-block-column-is-layout-flow\" style=\"flex-basis:15%\">\n<h2 class=\"wp-block-heading\" id=\"2012\">2012<\/h2>\n\n\n\n<p><\/p>\n<\/div>\n\n\n\n<div class=\"wp-block-column is-layout-flow wp-block-column-is-layout-flow\" style=\"flex-basis:80%\">\n<p><strong>3 de septiembre<\/strong>: El Arzobispo de Paran\u00e1, Monse\u00f1or Juan Alberto Puiggari, escribe una carta de bendici\u00f3n sobre la iniciativa de establecer una Fraternidad de la Comunidad Magnificat en su di\u00f3cesis.<\/p>\n\n\n\n<p><strong>31 de diciembre<\/strong>: Monse\u00f1or Bassetti aprueba el <em>Reglamento de Consagrados para la Comunidad<\/em>.<\/p>\n<\/div>\n<\/div>\n\n\n\n<div style=\"height:30px\" aria-hidden=\"true\" class=\"wp-block-spacer\"><\/div>\n\n\n\n<div class=\"wp-block-columns is-layout-flex wp-container-core-columns-is-layout-9d6595d7 wp-block-columns-is-layout-flex\">\n<div class=\"wp-block-column is-layout-flow wp-block-column-is-layout-flow\" style=\"flex-basis:15%\">\n<h2 class=\"wp-block-heading\" id=\"2013\">2013<\/h2>\n\n\n\n<p><\/p>\n<\/div>\n\n\n\n<div class=\"wp-block-column is-layout-flow wp-block-column-is-layout-flow\" style=\"flex-basis:80%\">\n<p><strong>5 de enero<\/strong>: en la Convenci\u00f3n General de la Comunidad, dos hermanas hacen por primera vez la <em>promesa definitiva<\/em> de <em>castidad por el Reino<\/em> en la Comunidad Magnificat.<\/p>\n\n\n\n<p><strong>9 de febrero<\/strong>: Monse\u00f1or Bassetti entrega a la Comunidad las <em><a href=\"https:\/\/comunitamagnificat.org\/es\/acompanamiento-espiritual\/\" data-type=\"page\" data-id=\"588\">Orientaciones para el Acompa\u00f1amiento Espiritual<\/a><\/em>.<\/p>\n\n\n\n<p><strong>15 de marzo<\/strong>: Monse\u00f1or Bassetti escribe al cardenal Ry\u0142ko, entonces presidente del <em>Consejo Pontificio para los Laicos<\/em>, porque piensa que \u00abha llegado el momento de iniciar los tr\u00e1mites para un reconocimiento pontificio\u00bb.<\/p>\n\n\n\n<p><strong>23 de julio<\/strong>: se crea la Zona Toscana, formada por las fraternidades de Bibbiena, Cortona, Magione-Agello, Marti y misiones afines.<\/p>\n\n\n\n<p><strong>10 de octubre<\/strong>: la Comunidad inicia una fase de revisi\u00f3n del Estatuto para responder a las nuevas exigencias del desarrollo internacional, y el Arzobispo nombra una comisi\u00f3n a tal efecto.<\/p>\n<\/div>\n<\/div>\n\n\n\n<div style=\"height:30px\" aria-hidden=\"true\" class=\"wp-block-spacer\"><\/div>\n\n\n\n<div class=\"wp-block-columns is-layout-flex wp-container-core-columns-is-layout-9d6595d7 wp-block-columns-is-layout-flex\">\n<div class=\"wp-block-column is-layout-flow wp-block-column-is-layout-flow\" style=\"flex-basis:15%\">\n<h2 class=\"wp-block-heading\" id=\"2014\">2014<\/h2>\n\n\n\n<p><\/p>\n<\/div>\n\n\n\n<div class=\"wp-block-column is-layout-flow wp-block-column-is-layout-flow\" style=\"flex-basis:80%\">\n<p><strong>14 de abril<\/strong>: Para gestionar sus actividades ben\u00e9ficas de la mejor manera posible y con total transparencia, La Comunidad crea una Fundaci\u00f3n, reconocida como organizaci\u00f3n sin \u00e1nimo de lucro.<\/p>\n\n\n\n<p><strong>25 de abril<\/strong>: se crea el <em>Ministerio General del Noviciado<\/em>.<\/p>\n\n\n\n<p><strong>6 de mayo<\/strong>: Se establece el <em>Ministerio General del Discipulado<\/em>.<\/p>\n\n\n\n<p><strong>31 de mayo<\/strong>: comienza a habitarse la casa adquirida en Ruman\u00eda por la Comunidad, en Pope\u015fti Leordeni.<\/p>\n\n\n\n<p><strong>23 de junio<\/strong>: Comienza la Adoraci\u00f3n -de lunes a viernes, d\u00eda y noche- en la peque\u00f1a iglesia de San Manno.<\/p>\n<\/div>\n<\/div>\n\n\n\n<div style=\"height:30px\" aria-hidden=\"true\" class=\"wp-block-spacer\"><\/div>\n\n\n\n<div class=\"wp-block-columns is-layout-flex wp-container-core-columns-is-layout-9d6595d7 wp-block-columns-is-layout-flex\">\n<div class=\"wp-block-column is-layout-flow wp-block-column-is-layout-flow\" style=\"flex-basis:15%\">\n<h2 class=\"wp-block-heading\" id=\"2015\">2015<\/h2>\n\n\n\n<p><\/p>\n<\/div>\n\n\n\n<div class=\"wp-block-column is-layout-flow wp-block-column-is-layout-flow\" style=\"flex-basis:80%\">\n<p><strong>25 de abril<\/strong>: primer encuentro \u00aboficial\u00bb entre <em>los ancianos<\/em> de la <em>Comunidad Magnificat<\/em> y la <em>Comunidad Magnificat Dominum<\/em>, tras la ruptura en 2003.<\/p>\n\n\n\n<p>Comenz\u00f3 en la capital ugandesa, Kampala, una andadura comunitaria que se consolidar\u00eda en los a\u00f1os siguientes.<\/p>\n\n\n\n<p>Se cre\u00f3 la Zona Ruman\u00eda, que comprende las Fraternidades de Alba Iulia, <em>Shalom<\/em> \u00een Bac\u0103u, <em>Misericordia<\/em> en Bucarest, <em>Betleem<\/em> en Pope\u0219ti-Leordeni y R\u00e2mnicu-V\u00e2lcea.<\/p>\n<\/div>\n<\/div>\n\n\n\n<div style=\"height:30px\" aria-hidden=\"true\" class=\"wp-block-spacer\"><\/div>\n\n\n\n<div class=\"wp-block-columns is-layout-flex wp-container-core-columns-is-layout-9d6595d7 wp-block-columns-is-layout-flex\">\n<div class=\"wp-block-column is-layout-flow wp-block-column-is-layout-flow\" style=\"flex-basis:15%\">\n<h2 class=\"wp-block-heading\" id=\"2016\">2016<\/h2>\n\n\n\n<p><\/p>\n<\/div>\n\n\n\n<div class=\"wp-block-column is-layout-flow wp-block-column-is-layout-flow\" style=\"flex-basis:80%\">\n<p>En Faisalabad, Pakist\u00e1n, la Comunidad inici\u00f3 una misi\u00f3n que, en colaboraci\u00f3n con varios sacerdotes, dio lugar a diversas iniciativas para implantar la experiencia del Magnificat en varios lugares de ese pa\u00eds.<\/p>\n\n\n\n<p><strong>17 de marzo<\/strong>: muere Tarcisio Mezzetti, uno de los iniciadores de la Comunidad, probablemente el miembro m\u00e1s conocido en Italia por su incansable actividad evangelizadora, especialmente con los <em><a href=\"https:\/\/comunitamagnificat.org\/es\/seminarios-de-sanacion-interior\/\" data-type=\"page\" data-id=\"777\">seminarios de sanaci\u00f3n<\/a> <\/em>y la difusi\u00f3n de la espiritualidad comunitaria; dos d\u00edas m\u00e1s tarde, tienen lugar los funerales solemnes en la catedral de Perugia, celebrados por el cardenal Gualtiero Bassetti, en presencia de una multitud.<\/p>\n\n\n\n<p><strong>3 de septiembre<\/strong>: la <em>Comunidad Magnificat<\/em> y la <em>Comunidad Magnificat Dominum<\/em> viven juntas el <em>Jubileo de la Misericordia<\/em> en Roma.<\/p>\n<\/div>\n<\/div>\n\n\n\n<div style=\"height:30px\" aria-hidden=\"true\" class=\"wp-block-spacer\"><\/div>\n\n\n\n<div class=\"wp-block-columns is-layout-flex wp-container-core-columns-is-layout-9d6595d7 wp-block-columns-is-layout-flex\">\n<div class=\"wp-block-column is-layout-flow wp-block-column-is-layout-flow\" style=\"flex-basis:15%\">\n<h2 class=\"wp-block-heading\" id=\"2018\">2018<\/h2>\n\n\n\n<p><\/p>\n<\/div>\n\n\n\n<div class=\"wp-block-column is-layout-flow wp-block-column-is-layout-flow\" style=\"flex-basis:80%\">\n<p><strong>20 de febrero<\/strong>: la Comunidad decide contratar a un <em><a href=\"https:\/\/comunitamagnificat.org\/es\/direccion-tesoreria-general-y-secretaria\/\" data-type=\"page\" data-id=\"695\">Director General Ejecutivo<\/a><\/em>.<\/p>\n\n\n\n<p><strong>10 de abril<\/strong>: se entreg\u00f3 el texto del nuevo Estatuto al <em>Dicasterio para los Laicos, la Familia y la Vida<\/em> (que sustituy\u00f3 al <em>Consejo Pontificio para los Laicos<\/em>), comenzando as\u00ed el trabajo de perfeccionamiento del texto para su aprobaci\u00f3n.<\/p>\n\n\n\n<p><strong>17 de junio<\/strong>: encuentro en Foggia entre los ancianos de la <em>Comunidad Magnificat<\/em> y la <em>Comunidad Magnificat Dominum<\/em> durante el cual se reconoce que \u00ab<em>la obra del Se\u00f1or est\u00e1 actuando, impuls\u00e1ndonos hacia la unidad. Esto nos compromete a un viaje com\u00fan para redescubrir el significado de esta unidad y a una comprensi\u00f3n mutua renovada. <\/em>\u00ab.<\/p>\n\n\n\n<p><strong>31 de julio<\/strong>: se firma un contrato para el pr\u00e9stamo gratuito del<em>Hotel Rossano<\/em> de Agello (PG), que m\u00e1s tarde se llamar\u00e1 <em>Casa de Oraci\u00f3n<\/em> <em>Tabor<\/em>; esta instalaci\u00f3n se utilizar\u00e1 para diversas actividades generales de la Comunidad, dada la posibilidad de alojamiento.<\/p>\n\n\n\n<p><strong>Oto\u00f1o<\/strong>: comenz\u00f3 una misi\u00f3n en Etiop\u00eda, en Debra Marcos, en comuni\u00f3n con el obispo local Lisane-Christos Matheos Semahun.<\/p>\n\n\n\n<p><strong>8 de diciembre<\/strong>: en la <em>Fraterna Domus<\/em> de Sacrofano, la Comunidad celebra sus primeros cuarenta a\u00f1os de vida; el Padre Raniero Cantalamessa da la catequesis del d\u00eda. Est\u00e1 presente una delegaci\u00f3n de la <em>Comunidad Magnificat Dominum<\/em>. <\/p>\n<\/div>\n<\/div>\n\n\n\n<div style=\"height:30px\" aria-hidden=\"true\" class=\"wp-block-spacer\"><\/div>\n\n\n\n<div class=\"wp-block-columns is-layout-flex wp-container-core-columns-is-layout-9d6595d7 wp-block-columns-is-layout-flex\">\n<div class=\"wp-block-column is-layout-flow wp-block-column-is-layout-flow\" style=\"flex-basis:15%\">\n<h2 class=\"wp-block-heading\" id=\"2019\">2019<\/h2>\n\n\n\n<p><\/p>\n<\/div>\n\n\n\n<div class=\"wp-block-column is-layout-flow wp-block-column-is-layout-flow\" style=\"flex-basis:80%\">\n<p><strong>19 de marzo<\/strong>: se establece la Zona de Sicilia, con las Fraternidades de Siracusa, Agrigento y sus misiones.<\/p>\n\n\n\n<p><strong>Mayo<\/strong>: primer n\u00famero del bolet\u00edn \u00ab<em><a href=\"https:\/\/comunitamagnificat.org\/es\/publicaciones\/archivo-del-boletin\/\" data-type=\"page\" data-id=\"7752\" target=\"_blank\" rel=\"noreferrer noopener\">Con Jes\u00fas, sobre Jes\u00fas, construir<\/a><\/em>\u00bb en cinco idiomas: italiano, rumano, turco, espa\u00f1ol e ingl\u00e9s.<\/p>\n\n\n\n<p><strong>4 de junio<\/strong>: una delegaci\u00f3n de la Comunidad es recibida en el <em>Dicasterio para los Laicos, la Familia y la Vida<\/em> por el Cardenal Kevin Joseph Farrell y la Subsecretaria para los <em>Laicos<\/em>, Dra. Linda Ghisoni. El Cardenal afirm\u00f3 que reconoc\u00eda en la Comunidad los requisitos necesarios (los signos del Esp\u00edritu y la internacionalidad efectiva de la experiencia comunitaria) para poder continuar el trabajo encaminado a perfeccionar y aprobar el texto del Estatuto. <\/p>\n<\/div>\n<\/div>\n\n\n\n<div style=\"height:30px\" aria-hidden=\"true\" class=\"wp-block-spacer\"><\/div>\n\n\n\n<div class=\"wp-block-columns is-layout-flex wp-container-core-columns-is-layout-9d6595d7 wp-block-columns-is-layout-flex\">\n<div class=\"wp-block-column is-layout-flow wp-block-column-is-layout-flow\" style=\"flex-basis:15%\">\n<h2 class=\"wp-block-heading\" id=\"2020\">2020<\/h2>\n\n\n\n<p><\/p>\n<\/div>\n\n\n\n<div class=\"wp-block-column is-layout-flow wp-block-column-is-layout-flow\" style=\"flex-basis:80%\">\n<p><strong>30 de abril<\/strong>: con un<em>\u00abCertificado de Registro<\/em>\u00bb firmado por el Moderador de <a href=\"https:\/\/www.charis.international\/it\/\" target=\"_blank\" rel=\"noreferrer noopener\">CHARIS<\/a><em>(Servicio Internacional de la Renovaci\u00f3n Carism\u00e1tica Cat\u00f3lica<\/em>), Jean-Luc Moens, se certifica que la Comunidad Magnificat<em>\u00abdemuestra la voluntad de la Comunidad <\/em>[&#8230;]<em> de vivir en comuni\u00f3n con toda la Renovaci\u00f3n Carism\u00e1tica Cat\u00f3lica<\/em>\u00ab.<\/p>\n<\/div>\n<\/div>\n<\/details>\n\n<div style=\"height:30px\" aria-hidden=\"true\" class=\"wp-block-spacer\"><\/div>\n\n<div class=\"wp-block-columns is-layout-flex wp-container-core-columns-is-layout-9d6595d7 wp-block-columns-is-layout-flex\">\n<div class=\"wp-block-column is-layout-flow wp-block-column-is-layout-flow\">\n<section id=\"magnificat-wide-full-img-text-block_65a78383b95b7\" class=\"wp-block-magnificat-wide-full-img-text 1\">\n    <div class=\"img\">\n        <picture><source type='image\/jpeg' srcset='' sizes='(max-width: 2200px) 100vw, 2200px' \/><img loading=\"lazy\" decoding=\"async\" width=\"2200\" height=\"1237\" src=\"https:\/\/comunitamagnificat.org\/wp-content\/uploads\/2024\/01\/beautiful-shot-saint-peter-s-square-vatican-city.jpg\" class=\"attachment-full size-full\" alt=\"\" tcimage-skip=\"true\" \/><\/picture>    <\/div>\n    <div class=\"text\">\n        <h2><\/h2>\n        <h1>A\u00f1os 2021-2024<\/h1>\n        <p class=\"focus\"><\/p>\n        <p>La c\u00fapula de la Bas\u00edlica de San Pedro en Roma. En 2023, el Dicasterio para los Laicos, la Familia y la Vida reconoce oficialmente a la Comunidad Magnificat como Asociaci\u00f3n Internacional de Fieles y aprueba sus Estatutos <em>ad experientum<\/em> por cinco a\u00f1os. <\/p>\n        <\/div>\n    <\/div>\n<\/section>\n<\/div>\n<\/div>\n\n<details class=\"wp-block-details cm_new_accordion is-layout-flow wp-block-details-is-layout-flow\"><summary>2021 HASTA LA FECHA<\/summary>\n<div class=\"wp-block-columns is-layout-flex wp-container-core-columns-is-layout-9d6595d7 wp-block-columns-is-layout-flex\">\n<div class=\"wp-block-column is-layout-flow wp-block-column-is-layout-flow\" style=\"flex-basis:15%\">\n<h2 class=\"wp-block-heading\" id=\"2021\">2021<\/h2>\n\n\n\n<p><\/p>\n<\/div>\n\n\n\n<div class=\"wp-block-column is-layout-flow wp-block-column-is-layout-flow\" style=\"flex-basis:80%\">\n<p><strong>13 de abril<\/strong>: la realidad de Floridia (SR) es reconocida oficialmente como Fraternidad de la Comunidad Magnificat<\/p>\n\n\n\n<p><strong>7 de septiembre<\/strong>: se crea la <em>Casa de Vida Com\u00fan <\/em>en la Fraternidad de Pope\u015fti-Leordeni (Ruman\u00eda), habitada por tres hermanas, <em>aliadas del Agnus Dei<\/em>: Agneza \u021a\u00eempu, Constantina Udrea y Mihaela Dinc\u0103.<\/p>\n\n\n\n<p><strong>23 de octubre<\/strong>: tras un importante periodo de formaci\u00f3n, las realidades de Apiro (MC) y Pila (PG) son reconocidas como Fraternidades de la Comunidad Magnificat.<\/p>\n\n\n\n<p><strong>14 de diciembre<\/strong>: al final del periodo de formaci\u00f3n, la realidad de R\u00e2mnicu-V\u00e2lcea, en la zona de Ruman\u00eda, es reconocida como Fraternidad de la Comunidad Magnificat.<\/p>\n<\/div>\n<\/div>\n\n\n\n<div style=\"height:30px\" aria-hidden=\"true\" class=\"wp-block-spacer\"><\/div>\n\n\n\n<div class=\"wp-block-columns is-layout-flex wp-container-core-columns-is-layout-9d6595d7 wp-block-columns-is-layout-flex\">\n<div class=\"wp-block-column is-layout-flow wp-block-column-is-layout-flow\" style=\"flex-basis:15%\">\n<h2 class=\"wp-block-heading\">2022<\/h2>\n<\/div>\n\n\n\n<div class=\"wp-block-column is-layout-flow wp-block-column-is-layout-flow\" style=\"flex-basis:66.66%\">\n<p><strong>13 de febrero<\/strong>: por primera vez una mujer se convierte en Moderadora General de la Comunidad. Se trata de Maria Rita Castellani, que, <a href=\"https:\/\/comunitamagnificat.org\/es\/2024\/08\/23\/animo-y-manos-a-la-obra\/\" target=\"_blank\" rel=\"noreferrer noopener\">en el marco de la elecci\u00f3n de los Administradores Generales para el trienio 2022-2025<\/a>, es elegida por la Asamblea General reunida en la casa de oraci\u00f3n Tabor de Agello (PG).<\/p>\n<\/div>\n<\/div>\n\n\n\n<div style=\"height:30px\" aria-hidden=\"true\" class=\"wp-block-spacer\"><\/div>\n\n\n\n<div class=\"wp-block-columns is-layout-flex wp-container-core-columns-is-layout-9d6595d7 wp-block-columns-is-layout-flex\">\n<div class=\"wp-block-column is-layout-flow wp-block-column-is-layout-flow\" style=\"flex-basis:15%\">\n<h2 class=\"wp-block-heading\">2023<\/h2>\n<\/div>\n\n\n\n<div class=\"wp-block-column is-layout-flow wp-block-column-is-layout-flow\" style=\"flex-basis:66.66%\">\n<p><strong>24 de febrero<\/strong>: La Moderadora General, Maria Rita Castellani, firma ante notario en Perugia el acta de constituci\u00f3n de la editorial comunitaria, llamada <em><a href=\"https:\/\/edizioni.comunitamagnificat.org\/\" target=\"_blank\" rel=\"noreferrer noopener\">Ediciones Magnificat<\/a><\/em>.<\/p>\n\n\n\n<p><strong>8 de diciembre<\/strong>: El Cardenal Kevin Farrell &#8211; Prefecto del <em>Dicasterio para los Laicos, la Familia y la Vida<\/em> &#8211; firma el Decreto por el que se reconoce a la Comunidad Magnificat como Asociaci\u00f3n Internacional de Fieles y se aprueban sus Estatutos <em>ad experimentum<\/em> por cinco a\u00f1os.<\/p>\n<\/div>\n<\/div>\n\n\n\n<div style=\"height:30px\" aria-hidden=\"true\" class=\"wp-block-spacer\"><\/div>\n\n\n\n<div class=\"wp-block-columns is-layout-flex wp-container-core-columns-is-layout-9d6595d7 wp-block-columns-is-layout-flex\">\n<div class=\"wp-block-column is-layout-flow wp-block-column-is-layout-flow\" style=\"flex-basis:15%\">\n<h2 class=\"wp-block-heading\">2024<\/h2>\n<\/div>\n\n\n\n<div class=\"wp-block-column is-layout-flow wp-block-column-is-layout-flow\" style=\"flex-basis:66.66%\">\n<p><strong>19 de enero: <\/strong>en la sede del <em>Dicasterio para los Laicos, la Familia y la Vida<\/em>, el Prefecto, Cardenal Kevin Farrell, <a href=\"https:\/\/www.youtube.com\/live\/rle6MbHm1aU?feature=shared\" target=\"_blank\" rel=\"noopener\" title=\"\">entrega el Decreto de Aprobaci\u00f3n a la Moderadora General de la Comunidad, Maria Rita Castellani.<\/a><\/p>\n\n\n\n<p><strong>4 de febrero<\/strong>: En presencia del Obispo de Paran\u00e1, Provincia de Entre R\u00edos, Argentina, as\u00ed como de Mar\u00eda Rita Castellani, Moderadora General, 12 hermanos y hermanas hicieron su primer compromiso de Alianza en esa naci\u00f3n, en la Iglesia de Jes\u00fas Misericordioso.<\/p>\n\n\n\n<p><strong>26 de agosto<\/strong>: comienzan las \u00faltimas obras necesarias para renovar definitivamente el ala norte del complejo de San Manno, sede de la Comunidad Magnificat: se construir\u00e1 una casa de hu\u00e9spedes capaz de alojar a una docena de hermanos y hermanas para vivir momentos de vida comunitaria.<\/p>\n<\/div>\n<\/div>\n<\/details>\n\n<div style=\"height:100px\" aria-hidden=\"true\" class=\"wp-block-spacer\"><\/div>\n","protected":false},"excerpt":{"rendered":"<p>Mi alma engrandece al Se\u00f1or y mi esp\u00edritu exulta en Dios, mi Salvador, porque ha mirado la humildad de su sierva. Lucas 1:46-48 La historia de la Comunidad Magnificat comenz\u00f3 a mediados de los a\u00f1os 70, con el advenimiento en la Iglesia de la Renovaci\u00f3n Carism\u00e1tica Cat\u00f3lica que fue acogida oficialmente en el Vaticano por [&hellip;]<\/p>\n","protected":false},"author":3,"featured_media":10747,"parent":0,"menu_order":0,"comment_status":"closed","ping_status":"closed","template":"","meta":{"om_disable_all_campaigns":false,"_monsterinsights_skip_tracking":false,"_monsterinsights_sitenote_active":false,"_monsterinsights_sitenote_note":"","_monsterinsights_sitenote_category":0,"_uf_show_specific_survey":0,"_uf_disable_surveys":false,"footnotes":""},"class_list":["post-15180","page","type-page","status-publish","has-post-thumbnail","hentry"],"aioseo_notices":[],"_links":{"self":[{"href":"https:\/\/comunitamagnificat.org\/es\/wp-json\/wp\/v2\/pages\/15180","targetHints":{"allow":["GET"]}}],"collection":[{"href":"https:\/\/comunitamagnificat.org\/es\/wp-json\/wp\/v2\/pages"}],"about":[{"href":"https:\/\/comunitamagnificat.org\/es\/wp-json\/wp\/v2\/types\/page"}],"author":[{"embeddable":true,"href":"https:\/\/comunitamagnificat.org\/es\/wp-json\/wp\/v2\/users\/3"}],"replies":[{"embeddable":true,"href":"https:\/\/comunitamagnificat.org\/es\/wp-json\/wp\/v2\/comments?post=15180"}],"version-history":[{"count":12,"href":"https:\/\/comunitamagnificat.org\/es\/wp-json\/wp\/v2\/pages\/15180\/revisions"}],"predecessor-version":[{"id":25746,"href":"https:\/\/comunitamagnificat.org\/es\/wp-json\/wp\/v2\/pages\/15180\/revisions\/25746"}],"wp:featuredmedia":[{"embeddable":true,"href":"https:\/\/comunitamagnificat.org\/es\/wp-json\/wp\/v2\/media\/10747"}],"wp:attachment":[{"href":"https:\/\/comunitamagnificat.org\/es\/wp-json\/wp\/v2\/media?parent=15180"}],"curies":[{"name":"wp","href":"https:\/\/api.w.org\/{rel}","templated":true}]}}