{"id":19111,"date":"2024-08-22T18:36:22","date_gmt":"2024-08-22T16:36:22","guid":{"rendered":"https:\/\/comunitamagnificat.org\/formacion-sobre-acompanamiento-espiritual\/"},"modified":"2024-08-22T18:36:30","modified_gmt":"2024-08-22T16:36:30","slug":"formacion-sobre-acompanamiento-espiritual","status":"publish","type":"page","link":"https:\/\/comunitamagnificat.org\/es\/formacion-sobre-acompanamiento-espiritual\/","title":{"rendered":"Formaci\u00f3n sobre acompa\u00f1amiento espiritual"},"content":{"rendered":"\n<div style=\"height:30px\" aria-hidden=\"true\" class=\"wp-block-spacer\"><\/div>\n\n<div class=\"wp-block-columns is-layout-flex wp-container-core-columns-is-layout-9d6595d7 wp-block-columns-is-layout-flex\">\n<div class=\"wp-block-column is-layout-flow wp-block-column-is-layout-flow\">\n<p>Del 3 al 5 de enero de 2022, en San Manno, el salesiano <strong>Don Luis Ros\u00f3n Galache<\/strong>, profesor de la Facultad de Filosof\u00eda de la Universidad Pontificia Salesiana, celebr\u00f3 una importante sesi\u00f3n de formaci\u00f3n para m\u00e1s de 200 aliados -en su mayor\u00eda acompa\u00f1antes- procedentes de Italia y Ruman\u00eda.<\/p>\n\n\n\n<div style=\"height:30px\" aria-hidden=\"true\" class=\"wp-block-spacer\"><\/div>\n\n\n\n<p>Las cinco conferencias en las que se dividi\u00f3 la formaci\u00f3n se intercalaron con momentos de preguntas y respuestas en los que se exploraron cuestiones concretas.<\/p>\n\n\n\n<div style=\"height:30px\" aria-hidden=\"true\" class=\"wp-block-spacer\"><\/div>\n\n\n\n<p>  A continuaci\u00f3n encontrar\u00e1s todos los <strong>v\u00eddeos <\/strong>de los discursos, <strong>audios <\/strong>y <strong>documentos <\/strong>pronunciados por don Luis.<\/p>\n\n\n\n<div style=\"height:30px\" aria-hidden=\"true\" class=\"wp-block-spacer\"><\/div>\n\n\n\n<div class=\"wp-block-columns is-layout-flex wp-container-core-columns-is-layout-9d6595d7 wp-block-columns-is-layout-flex\">\n<div class=\"wp-block-column is-layout-flow wp-block-column-is-layout-flow\">\n<figure class=\"wp-block-embed is-type-video is-provider-youtube wp-block-embed-youtube wp-embed-aspect-16-9 wp-has-aspect-ratio\"><div class=\"wp-block-embed__wrapper\"> \n<iframe loading=\"lazy\" title=\"01 - Cosa non \u00e8 l&#039;accompagnamento\" width=\"500\" height=\"281\" src=\"https:\/\/www.youtube.com\/embed\/nerWUNoCqJ8?feature=oembed\" frameborder=\"0\" allow=\"accelerometer; autoplay; clipboard-write; encrypted-media; gyroscope; picture-in-picture; web-share\" referrerpolicy=\"strict-origin-when-cross-origin\" allowfullscreen><\/iframe>\n <\/div><\/figure>\n<\/div>\n\n\n\n<div class=\"wp-block-column is-layout-flow wp-block-column-is-layout-flow\">\n<figure class=\"wp-block-embed is-type-video is-provider-youtube wp-block-embed-youtube wp-embed-aspect-16-9 wp-has-aspect-ratio\"><div class=\"wp-block-embed__wrapper\"> \n<iframe loading=\"lazy\" title=\"02 - Accompagnare all&#039;esperienza di Dio\" width=\"500\" height=\"281\" src=\"https:\/\/www.youtube.com\/embed\/FwXG81bAE-k?feature=oembed\" frameborder=\"0\" allow=\"accelerometer; autoplay; clipboard-write; encrypted-media; gyroscope; picture-in-picture; web-share\" referrerpolicy=\"strict-origin-when-cross-origin\" allowfullscreen><\/iframe>\n <\/div><\/figure>\n<\/div>\n\n\n\n<div class=\"wp-block-column is-layout-flow wp-block-column-is-layout-flow\">\n<figure class=\"wp-block-embed is-type-video is-provider-youtube wp-block-embed-youtube wp-embed-aspect-16-9 wp-has-aspect-ratio\"><div class=\"wp-block-embed__wrapper\"> \n<iframe loading=\"lazy\" title=\"03 - Caratteristiche dell&#039;accompagnamento\" width=\"500\" height=\"281\" src=\"https:\/\/www.youtube.com\/embed\/AOfGu0ESfGQ?feature=oembed\" frameborder=\"0\" allow=\"accelerometer; autoplay; clipboard-write; encrypted-media; gyroscope; picture-in-picture; web-share\" referrerpolicy=\"strict-origin-when-cross-origin\" allowfullscreen><\/iframe>\n <\/div><\/figure>\n<\/div>\n\n\n\n<div class=\"wp-block-column is-layout-flow wp-block-column-is-layout-flow\">\n<figure class=\"wp-block-embed is-type-video is-provider-youtube wp-block-embed-youtube wp-embed-aspect-16-9 wp-has-aspect-ratio\"><div class=\"wp-block-embed__wrapper\"> \n<iframe loading=\"lazy\" title=\"04 - Accompagnamento e parola di Dio\" width=\"500\" height=\"281\" src=\"https:\/\/www.youtube.com\/embed\/RqbVfFLHHGE?feature=oembed\" frameborder=\"0\" allow=\"accelerometer; autoplay; clipboard-write; encrypted-media; gyroscope; picture-in-picture; web-share\" referrerpolicy=\"strict-origin-when-cross-origin\" allowfullscreen><\/iframe>\n <\/div><\/figure>\n<\/div>\n\n\n\n<div class=\"wp-block-column is-layout-flow wp-block-column-is-layout-flow\">\n<figure class=\"wp-block-embed is-type-video is-provider-youtube wp-block-embed-youtube wp-embed-aspect-16-9 wp-has-aspect-ratio\"><div class=\"wp-block-embed__wrapper\"> \n<iframe loading=\"lazy\" title=\"05 - Accompagnatore, profilo e funzione\" width=\"500\" height=\"281\" src=\"https:\/\/www.youtube.com\/embed\/RtbVSKtZi80?feature=oembed\" frameborder=\"0\" allow=\"accelerometer; autoplay; clipboard-write; encrypted-media; gyroscope; picture-in-picture; web-share\" referrerpolicy=\"strict-origin-when-cross-origin\" allowfullscreen><\/iframe>\n <\/div><\/figure>\n<\/div>\n<\/div>\n\n\n\n<div style=\"height:30px\" aria-hidden=\"true\" class=\"wp-block-spacer\"><\/div>\n\n\n\n<figure class=\"wp-block-audio\"><audio controls=\"\" src=\"https:\/\/comunitamagnificat.org\/wp-content\/uploads\/2022\/01\/1&#xB0;-intervento-Cosa-non-e-laccompagnamento.mp3\"><\/audio><figcaption>Primera sesi\u00f3n &#8211; Lo que no es el acompa\u00f1amiento<\/figcaption><\/figure>\n\n\n\n<figure class=\"wp-block-audio\"><audio controls=\"\" src=\"https:\/\/comunitamagnificat.org\/wp-content\/uploads\/2022\/01\/2&#xB0;-intervento-Accompagnare-allesperienza-di-Dio.mp3\"><\/audio><figcaption>Segunda sesi\u00f3n &#8211; Acompa\u00f1ar la experiencia de Dios<\/figcaption><\/figure>\n\n\n\n<figure class=\"wp-block-audio\"><audio controls=\"\" src=\"https:\/\/comunitamagnificat.org\/wp-content\/uploads\/2022\/01\/3&#xB0;-intervento-Caratteristiche-dellaccompagnamento.mp3\"><\/audio><figcaption>Tercera sesi\u00f3n &#8211; Caracter\u00edsticas del acompa\u00f1amiento<\/figcaption><\/figure>\n\n\n\n<figure class=\"wp-block-audio\"><audio controls=\"\" src=\"https:\/\/comunitamagnificat.org\/wp-content\/uploads\/2022\/01\/4&#xB0;-intervento-Accompagnamento-e-parola-di-Diomp4.mp3\"><\/audio><figcaption>Cuarta sesi\u00f3n &#8211; El acompa\u00f1amiento y la Palabra de Dios<\/figcaption><\/figure>\n\n\n\n<figure class=\"wp-block-audio\"><audio controls=\"\" src=\"https:\/\/comunitamagnificat.org\/wp-content\/uploads\/2022\/01\/5&#xB0;-intervento-Accompagnatore-profilo-e-funzione.mp3\"><\/audio><figcaption>Quinta sesi\u00f3n &#8211; Acompa\u00f1ante, perfil y funci\u00f3n<\/figcaption><\/figure>\n\n\n\n<div style=\"height:30px\" aria-hidden=\"true\" class=\"wp-block-spacer\"><\/div>\n\n\n\n<div style=\"height:30px\" aria-hidden=\"true\" class=\"wp-block-spacer\"><\/div>\n\n\n\n<div data-wp-interactive=\"core\/file\" class=\"wp-block-file\"><object data-wp-bind--hidden=\"!state.hasPdfPreview\" hidden class=\"wp-block-file__embed\" data=\"https:\/\/comunitamagnificat.org\/wp-content\/uploads\/2022\/01\/ACM-1-ACCOMPAGNARE-NON-E.pdf\" type=\"application\/pdf\" style=\"width:100%;height:600px\" aria-label=\"Incrustado de Incorporamento di ACM-1-ACCOMPAGNARE-NON-E..\"><\/object><a href=\"https:\/\/comunitamagnificat.org\/wp-content\/uploads\/2022\/01\/ACM-1-ACCOMPAGNARE-NON-E.pdf\">ACM-1-EMPRESA-NO-E<\/a><a href=\"https:\/\/comunitamagnificat.org\/wp-content\/uploads\/2022\/01\/ACM-1-ACCOMPAGNARE-NON-E.pdf\" class=\"wp-block-file__button\" download=\"\">Descarga<\/a><\/div>\n\n\n\n<div data-wp-interactive=\"core\/file\" class=\"wp-block-file\"><object data-wp-bind--hidden=\"!state.hasPdfPreview\" hidden class=\"wp-block-file__embed\" data=\"https:\/\/comunitamagnificat.org\/wp-content\/uploads\/2022\/01\/ACM-2-ACCOMPAGNARE-ESPERIENZA-DIO.pdf\" type=\"application\/pdf\" style=\"width:100%;height:600px\" aria-label=\"Incrustado de Incorporamento di ACM-2-ACCOMPAGNARE-ESPERIENZA-DIO..\"><\/object><a href=\"https:\/\/comunitamagnificat.org\/wp-content\/uploads\/2022\/01\/ACM-2-ACCOMPAGNARE-ESPERIENZA-DIO.pdf\">ACM-2-EMPRESA-EXPERIENCIA-DIOS<\/a><a href=\"https:\/\/comunitamagnificat.org\/wp-content\/uploads\/2022\/01\/ACM-2-ACCOMPAGNARE-ESPERIENZA-DIO.pdf\" class=\"wp-block-file__button\" download=\"\">Descarga<\/a><\/div>\n\n\n\n<div data-wp-interactive=\"core\/file\" class=\"wp-block-file\"><object data-wp-bind--hidden=\"!state.hasPdfPreview\" hidden class=\"wp-block-file__embed\" data=\"https:\/\/comunitamagnificat.org\/wp-content\/uploads\/2022\/01\/ACM-3-ACCOMPAGNAMENTO-SPIRITUALE-PERSONALE.pdf\" type=\"application\/pdf\" style=\"width:100%;height:600px\" aria-label=\"Incrustado de Incorporamento di ACM-3-ACCOMPAGNAMENTO-SPIRITUALE-PERSONALE..\"><\/object><a href=\"https:\/\/comunitamagnificat.org\/wp-content\/uploads\/2022\/01\/ACM-3-ACCOMPAGNAMENTO-SPIRITUALE-PERSONALE.pdf\">ACM-3-ACOMPA\u00d1AMIENTO ESPIRITUAL-PERSONAL<\/a><a href=\"https:\/\/comunitamagnificat.org\/wp-content\/uploads\/2022\/01\/ACM-3-ACCOMPAGNAMENTO-SPIRITUALE-PERSONALE.pdf\" class=\"wp-block-file__button\" download=\"\">Descarga<\/a><\/div>\n\n\n\n<div data-wp-interactive=\"core\/file\" class=\"wp-block-file\"><object data-wp-bind--hidden=\"!state.hasPdfPreview\" hidden class=\"wp-block-file__embed\" data=\"https:\/\/comunitamagnificat.org\/wp-content\/uploads\/2022\/01\/ACM-4-ACCOMP-PAROLA-DIO-E-PRASSI.pdf\" type=\"application\/pdf\" style=\"width:100%;height:600px\" aria-label=\"Incrustado de Incorporamento di ACM-4-ACCOMP-PAROLA-DIO-E-PRASSI..\"><\/object><a href=\"https:\/\/comunitamagnificat.org\/wp-content\/uploads\/2022\/01\/ACM-4-ACCOMP-PAROLA-DIO-E-PRASSI.pdf\">ACM-4-ACCOMP-PALABRA-DIOS-Y-PRAXIS<\/a><a href=\"https:\/\/comunitamagnificat.org\/wp-content\/uploads\/2022\/01\/ACM-4-ACCOMP-PAROLA-DIO-E-PRASSI.pdf\" class=\"wp-block-file__button\" download=\"\">Descarga<\/a><\/div>\n\n\n\n<div data-wp-interactive=\"core\/file\" class=\"wp-block-file\"><object data-wp-bind--hidden=\"!state.hasPdfPreview\" hidden class=\"wp-block-file__embed\" data=\"https:\/\/comunitamagnificat.org\/wp-content\/uploads\/2022\/01\/ACM-5-NOTA-PENITENZIERIA-FORO-INTERNO-19.pdf\" type=\"application\/pdf\" style=\"width:100%;height:600px\" aria-label=\"Incrustado de Incorporamento di ACM-5 NOTA PENITENZIERIA FORO INTERNO-19..\"><\/object><a href=\"https:\/\/comunitamagnificat.org\/wp-content\/uploads\/2022\/01\/ACM-5-NOTA-PENITENZIERIA-FORO-INTERNO-19.pdf\">ACM-5 NOTA FORO INTERNO PENITENCIARIO-19<\/a><a href=\"https:\/\/comunitamagnificat.org\/wp-content\/uploads\/2022\/01\/ACM-5-NOTA-PENITENZIERIA-FORO-INTERNO-19.pdf\" class=\"wp-block-file__button\" download=\"\">Descarga<\/a><\/div>\n\n\n\n<div data-wp-interactive=\"core\/file\" class=\"wp-block-file\"><object data-wp-bind--hidden=\"!state.hasPdfPreview\" hidden class=\"wp-block-file__embed\" data=\"https:\/\/comunitamagnificat.org\/wp-content\/uploads\/2022\/01\/ACM-6-ACCOMPAGNATORE.-PROFILO-E-FUNZIONE.pdf\" type=\"application\/pdf\" style=\"width:100%;height:600px\" aria-label=\"Incrustado de Incorporamento di ACM-6-ACCOMPAGNATORE.-PROFILO-E-FUNZIONE..\"><\/object><a href=\"https:\/\/comunitamagnificat.org\/wp-content\/uploads\/2022\/01\/ACM-6-ACCOMPAGNATORE.-PROFILO-E-FUNZIONE.pdf\">ACM-6-ACOMPA\u00d1ANTE.-PERFIL-Y-FUNCI\u00d3N<\/a><a href=\"https:\/\/comunitamagnificat.org\/wp-content\/uploads\/2022\/01\/ACM-6-ACCOMPAGNATORE.-PROFILO-E-FUNZIONE.pdf\" class=\"wp-block-file__button\" download=\"\">Descarga<\/a><\/div>\n\n\n\n<div data-wp-interactive=\"core\/file\" class=\"wp-block-file\"><object data-wp-bind--hidden=\"!state.hasPdfPreview\" hidden class=\"wp-block-file__embed\" data=\"https:\/\/comunitamagnificat.org\/wp-content\/uploads\/2022\/01\/ACM-7-INTERVISTA-STRUMENTO-PRIVILEGIATO.pdf\" type=\"application\/pdf\" style=\"width:100%;height:600px\" aria-label=\"Incrustado de Incorporamento di ACM-7-INTERVISTA-STRUMENTO-PRIVILEGIATO..\"><\/object><a href=\"https:\/\/comunitamagnificat.org\/wp-content\/uploads\/2022\/01\/ACM-7-INTERVISTA-STRUMENTO-PRIVILEGIATO.pdf\">ACM-7-ENTREVISTA-INSTRUMENTO-PRIVILEGIADO<\/a><a href=\"https:\/\/comunitamagnificat.org\/wp-content\/uploads\/2022\/01\/ACM-7-INTERVISTA-STRUMENTO-PRIVILEGIATO.pdf\" class=\"wp-block-file__button\" download=\"\">Descarga<\/a><\/div>\n\n\n\n<div data-wp-interactive=\"core\/file\" class=\"wp-block-file\"><object data-wp-bind--hidden=\"!state.hasPdfPreview\" hidden class=\"wp-block-file__embed\" data=\"https:\/\/comunitamagnificat.org\/wp-content\/uploads\/2022\/01\/ACM-7-INTERVISTA-STRUMENTO-PRIVILEGIATO.pdf\" type=\"application\/pdf\" style=\"width:100%;height:600px\" aria-label=\"Incrustado de Incorporamento di ACM-7-INTERVISTA-STRUMENTO-PRIVILEGIATO..\"><\/object><a href=\"https:\/\/comunitamagnificat.org\/wp-content\/uploads\/2022\/01\/ACM-7-INTERVISTA-STRUMENTO-PRIVILEGIATO.pdf\">ACM-7-ENTREVISTA-INSTRUMENTO-PRIVILEGIADO<\/a><a href=\"https:\/\/comunitamagnificat.org\/wp-content\/uploads\/2022\/01\/ACM-7-INTERVISTA-STRUMENTO-PRIVILEGIATO.pdf\" class=\"wp-block-file__button\" download=\"\">Descarga<\/a><\/div>\n\n\n\n<div data-wp-interactive=\"core\/file\" class=\"wp-block-file\"><object data-wp-bind--hidden=\"!state.hasPdfPreview\" hidden class=\"wp-block-file__embed\" data=\"https:\/\/comunitamagnificat.org\/wp-content\/uploads\/2022\/01\/ACM-8-COM-MAGNIFICAT-LINEE-ACCOMP.pdf\" type=\"application\/pdf\" style=\"width:100%;height:600px\" aria-label=\"Incrustado de Incorporamento di ACM-8-COM-MAGNIFICAT-LINEE-ACCOMP..\"><\/object><a href=\"https:\/\/comunitamagnificat.org\/wp-content\/uploads\/2022\/01\/ACM-8-COM-MAGNIFICAT-LINEE-ACCOMP.pdf\">ACM-8-COM-MAGNIFICAT-LINE-ACCOMP<\/a><a href=\"https:\/\/comunitamagnificat.org\/wp-content\/uploads\/2022\/01\/ACM-8-COM-MAGNIFICAT-LINEE-ACCOMP.pdf\" class=\"wp-block-file__button\" download=\"\">Descarga<\/a><\/div>\n\n\n\n<div data-wp-interactive=\"core\/file\" class=\"wp-block-file\"><object data-wp-bind--hidden=\"!state.hasPdfPreview\" hidden class=\"wp-block-file__embed\" data=\"https:\/\/comunitamagnificat.org\/wp-content\/uploads\/2022\/01\/ACM-9-ACCOMPAGNARE-NELLE-CRISI.pdf\" type=\"application\/pdf\" style=\"width:100%;height:600px\" aria-label=\"Incrustado de Incorporamento di ACM-9-ACCOMPAGNARE-NELLE-CRISI..\"><\/object><a href=\"https:\/\/comunitamagnificat.org\/wp-content\/uploads\/2022\/01\/ACM-9-ACCOMPAGNARE-NELLE-CRISI.pdf\">ACM-9-EMPRESAS-EN-CRISIS<\/a><a href=\"https:\/\/comunitamagnificat.org\/wp-content\/uploads\/2022\/01\/ACM-9-ACCOMPAGNARE-NELLE-CRISI.pdf\" class=\"wp-block-file__button\" download=\"\">Descarga<\/a><\/div>\n\n\n\n<div data-wp-interactive=\"core\/file\" class=\"wp-block-file\"><object data-wp-bind--hidden=\"!state.hasPdfPreview\" hidden class=\"wp-block-file__embed\" data=\"https:\/\/comunitamagnificat.org\/wp-content\/uploads\/2022\/01\/ACM-9-ACCOMPAGNARE-NELLE-CRISI.pdf\" type=\"application\/pdf\" style=\"width:100%;height:600px\" aria-label=\"Incrustado de Incorporamento di ACM-9-ACCOMPAGNARE-NELLE-CRISI..\"><\/object><a href=\"https:\/\/comunitamagnificat.org\/wp-content\/uploads\/2022\/01\/ACM-9-ACCOMPAGNARE-NELLE-CRISI.pdf\">ACM-9-EMPRESAS-EN-CRISIS<\/a><a href=\"https:\/\/comunitamagnificat.org\/wp-content\/uploads\/2022\/01\/ACM-9-ACCOMPAGNARE-NELLE-CRISI.pdf\" class=\"wp-block-file__button\" download=\"\">Descarga<\/a><\/div>\n\n\n\n<div data-wp-interactive=\"core\/file\" class=\"wp-block-file\"><object data-wp-bind--hidden=\"!state.hasPdfPreview\" hidden class=\"wp-block-file__embed\" data=\"https:\/\/comunitamagnificat.org\/wp-content\/uploads\/2022\/01\/EVOLUZIONE-FORO-INTERNO-FABRIS.pdf\" type=\"application\/pdf\" style=\"width:100%;height:600px\" aria-label=\"Incrustado de Incorporamento di EVOLUZIONE-FORO-INTERNO-FABRIS..\"><\/object><a href=\"https:\/\/comunitamagnificat.org\/wp-content\/uploads\/2022\/01\/EVOLUZIONE-FORO-INTERNO-FABRIS.pdf\">EVOLUCI\u00d3N-INTERNA-FABRIS<\/a><a href=\"https:\/\/comunitamagnificat.org\/wp-content\/uploads\/2022\/01\/EVOLUZIONE-FORO-INTERNO-FABRIS.pdf\" class=\"wp-block-file__button\" download=\"\">Descarga<\/a><\/div>\n\n\n\n<div data-wp-interactive=\"core\/file\" class=\"wp-block-file\"><object data-wp-bind--hidden=\"!state.hasPdfPreview\" hidden class=\"wp-block-file__embed\" data=\"https:\/\/comunitamagnificat.org\/wp-content\/uploads\/2022\/01\/PENITENZIERIA-FORO-INTERNO-NYKIEL-16.pdf\" type=\"application\/pdf\" style=\"width:100%;height:600px\" aria-label=\"Incrustado de Incorporamento di PENITENZIERIA-FORO-INTERNO-NYKIEL-16..\"><\/object><a href=\"https:\/\/comunitamagnificat.org\/wp-content\/uploads\/2022\/01\/PENITENZIERIA-FORO-INTERNO-NYKIEL-16.pdf\">PENITENCIARIA-FORO-INTERIOR-NYKIEL-16<\/a><a href=\"https:\/\/comunitamagnificat.org\/wp-content\/uploads\/2022\/01\/PENITENZIERIA-FORO-INTERNO-NYKIEL-16.pdf\" class=\"wp-block-file__button\" download=\"\">Descarga<\/a><\/div>\n<\/div>\n<\/div>\n\n<div style=\"height:50px\" aria-hidden=\"true\" class=\"wp-block-spacer\"><\/div>\n\n<div style=\"height:30px\" aria-hidden=\"true\" class=\"wp-block-spacer\"><\/div>\n","protected":false},"excerpt":{"rendered":"<p>Del 3 al 5 de enero de 2022, en San Manno, el salesiano Don Luis Ros\u00f3n Galache, profesor de la Facultad de Filosof\u00eda de la Universidad Pontificia Salesiana, celebr\u00f3 una importante sesi\u00f3n de formaci\u00f3n para m\u00e1s de 200 aliados -en su mayor\u00eda acompa\u00f1antes- procedentes de Italia y Ruman\u00eda. Las cinco conferencias en las que se [&hellip;]<\/p>\n","protected":false},"author":3,"featured_media":16499,"parent":0,"menu_order":0,"comment_status":"closed","ping_status":"closed","template":"","meta":{"om_disable_all_campaigns":false,"_monsterinsights_skip_tracking":false,"_monsterinsights_sitenote_active":false,"_monsterinsights_sitenote_note":"","_monsterinsights_sitenote_category":0,"_uf_show_specific_survey":0,"_uf_disable_surveys":false,"footnotes":""},"class_list":["post-19111","page","type-page","status-publish","has-post-thumbnail","hentry"],"aioseo_notices":[],"_links":{"self":[{"href":"https:\/\/comunitamagnificat.org\/es\/wp-json\/wp\/v2\/pages\/19111","targetHints":{"allow":["GET"]}}],"collection":[{"href":"https:\/\/comunitamagnificat.org\/es\/wp-json\/wp\/v2\/pages"}],"about":[{"href":"https:\/\/comunitamagnificat.org\/es\/wp-json\/wp\/v2\/types\/page"}],"author":[{"embeddable":true,"href":"https:\/\/comunitamagnificat.org\/es\/wp-json\/wp\/v2\/users\/3"}],"replies":[{"embeddable":true,"href":"https:\/\/comunitamagnificat.org\/es\/wp-json\/wp\/v2\/comments?post=19111"}],"version-history":[{"count":1,"href":"https:\/\/comunitamagnificat.org\/es\/wp-json\/wp\/v2\/pages\/19111\/revisions"}],"predecessor-version":[{"id":19113,"href":"https:\/\/comunitamagnificat.org\/es\/wp-json\/wp\/v2\/pages\/19111\/revisions\/19113"}],"wp:featuredmedia":[{"embeddable":true,"href":"https:\/\/comunitamagnificat.org\/es\/wp-json\/wp\/v2\/media\/16499"}],"wp:attachment":[{"href":"https:\/\/comunitamagnificat.org\/es\/wp-json\/wp\/v2\/media?parent=19111"}],"curies":[{"name":"wp","href":"https:\/\/api.w.org\/{rel}","templated":true}]}}