{"id":18589,"date":"2024-08-22T18:16:18","date_gmt":"2024-08-22T16:16:18","guid":{"rendered":"https:\/\/comunitamagnificat.org\/cu-isus-pe-isus-construim\/"},"modified":"2024-10-01T21:53:05","modified_gmt":"2024-10-01T19:53:05","slug":"cu-isus-pe-isus-construim","status":"publish","type":"page","link":"https:\/\/comunitamagnificat.org\/ro\/cu-isus-pe-isus-construim\/","title":{"rendered":"\u00abCu Isus, pe Isus, construie\u0219te\u00bb"},"content":{"rendered":"\n<div style=\"height:30px\" aria-hidden=\"true\" class=\"wp-block-spacer\"><\/div>\n\n<blockquote class=\"wp-block-quote is-layout-flow wp-block-quote-is-layout-flow\"><p><strong><em>Cel care m\u0103 m\u0103n\u00e2nc\u0103 pe mine<\/em><\/strong><br\/><strong><em>va tr\u0103i prin mine<\/em><\/strong><\/p><cite><em>Ioan<\/em> 6, 57<\/cite><\/blockquote>\n\n<div style=\"height:30px\" aria-hidden=\"true\" class=\"wp-block-spacer\"><\/div>\n\n<p>\u00cenc\u0103 de la \u00eenceput, Comunitatea s-a str\u0103duit s\u0103 adere doar la voin\u021ba Domnului, intuit\u0103 carismatic \u00een rug\u0103ciune, verificat\u0103 \u00een discern\u0103m\u00e2ntul comunitar, \u00eendrumat\u0103 de p\u0103storii Bisericii.<\/p>\n\n<div style=\"height:30px\" aria-hidden=\"true\" class=\"wp-block-spacer\"><\/div>\n\n<p>Prin urmare, \u00eenc\u0103 de la \u00eenceput, Domnul a putut s\u0103 vorbeasc\u0103 Comunit\u0103\u021bii, care \u00een mod simplu a adoptat o atitudine de ascultare umil\u0103 \u0219i entuziast\u0103.<\/p>\n\n<div style=\"height:30px\" aria-hidden=\"true\" class=\"wp-block-spacer\"><\/div>\n\n<p>Unul dintre cele mai semnificative momente ale acestui drum profetic a fost tr\u0103it de <span style=\"text-decoration: underline;\"><a href=\"https:\/\/comunitamagnificat.org\/ro\/tarcisio-mezzetti\/\" target=\"_blank\" rel=\"noreferrer noopener\">Tarcisio Mezzetti<\/a><\/span> care, <span style=\"text-decoration: underline;\">\u00een martie 1978<\/span>, <span style=\"text-decoration: underline;\">a avut o experien\u021b\u0103 intens\u0103 \u0219i cople\u0219itoare cu Dumnezeu<\/span>, \u00een care a primit ordinul de a <span style=\"text-decoration: underline;\">construi Comunitatea cu Isus \u0219i pe Isus<\/span>. Aceast\u0103 experien\u021b\u0103 a fost \u00eenso\u021bit\u0103 de discern\u0103m\u00e2ntul Arhiepiscopului de Perugia de atunci, monseniorul Ferdinando Lambruschini, care \u2013 mai pu\u021bin de un an mai t\u00e2rziu \u2013 a aprobat primul statut al Comunit\u0103\u021bii Magnificat. <\/p>\n\n<div style=\"height:30px\" aria-hidden=\"true\" class=\"wp-block-spacer\"><\/div>\n\n<p>Iat\u0103 relatarea lui Tarcisio, \u00eenregistrat\u0103 \u00een 2014:<\/p>\n\n<div style=\"height:30px\" aria-hidden=\"true\" class=\"wp-block-spacer\"><\/div>\n\n<div class=\"wp-block-columns is-layout-flex wp-container-core-columns-is-layout-9d6595d7 wp-block-columns-is-layout-flex\">\n<div class=\"wp-block-column is-layout-flow wp-block-column-is-layout-flow\" style=\"flex-basis:10%\"><\/div>\n\n\n\n<div class=\"wp-block-column is-layout-flow wp-block-column-is-layout-flow\" style=\"flex-basis:80%\">\n<figure class=\"wp-block-embed is-type-video is-provider-youtube wp-block-embed-youtube wp-embed-aspect-16-9 wp-has-aspect-ratio\"><div class=\"wp-block-embed__wrapper\"> \n<iframe loading=\"lazy\" title=\"Con Ges\u00f9, su Ges\u00f9, costruisci\" width=\"500\" height=\"281\" src=\"https:\/\/www.youtube.com\/embed\/cKGqzntMkNA?feature=oembed\" frameborder=\"0\" allow=\"accelerometer; autoplay; clipboard-write; encrypted-media; gyroscope; picture-in-picture; web-share\" referrerpolicy=\"strict-origin-when-cross-origin\" allowfullscreen><\/iframe>\n <\/div><\/figure>\n<\/div>\n\n\n\n<div class=\"wp-block-column is-layout-flow wp-block-column-is-layout-flow\" style=\"flex-basis:10%\"><\/div>\n<\/div>\n\n<div style=\"height:50px\" aria-hidden=\"true\" class=\"wp-block-spacer\"><\/div>\n","protected":false},"excerpt":{"rendered":"<p>Cel care m\u0103 m\u0103n\u00e2nc\u0103 pe mineva tr\u0103i prin mine Ioan 6, 57 \u00cenc\u0103 de la \u00eenceput, Comunitatea s-a str\u0103duit s\u0103 adere doar la voin\u021ba Domnului, intuit\u0103 carismatic \u00een rug\u0103ciune, verificat\u0103 \u00een discern\u0103m\u00e2ntul comunitar, \u00eendrumat\u0103 de p\u0103storii Bisericii. Prin urmare, \u00eenc\u0103 de la \u00eenceput, Domnul a putut s\u0103 vorbeasc\u0103 Comunit\u0103\u021bii, care \u00een mod simplu a adoptat [&hellip;]<\/p>\n","protected":false},"author":3,"featured_media":10842,"parent":0,"menu_order":0,"comment_status":"closed","ping_status":"closed","template":"","meta":{"om_disable_all_campaigns":false,"_monsterinsights_skip_tracking":false,"_monsterinsights_sitenote_active":false,"_monsterinsights_sitenote_note":"","_monsterinsights_sitenote_category":0,"_uf_show_specific_survey":0,"_uf_disable_surveys":false,"footnotes":""},"class_list":["post-18589","page","type-page","status-publish","has-post-thumbnail","hentry"],"aioseo_notices":[],"_links":{"self":[{"href":"https:\/\/comunitamagnificat.org\/ro\/wp-json\/wp\/v2\/pages\/18589","targetHints":{"allow":["GET"]}}],"collection":[{"href":"https:\/\/comunitamagnificat.org\/ro\/wp-json\/wp\/v2\/pages"}],"about":[{"href":"https:\/\/comunitamagnificat.org\/ro\/wp-json\/wp\/v2\/types\/page"}],"author":[{"embeddable":true,"href":"https:\/\/comunitamagnificat.org\/ro\/wp-json\/wp\/v2\/users\/3"}],"replies":[{"embeddable":true,"href":"https:\/\/comunitamagnificat.org\/ro\/wp-json\/wp\/v2\/comments?post=18589"}],"version-history":[{"count":4,"href":"https:\/\/comunitamagnificat.org\/ro\/wp-json\/wp\/v2\/pages\/18589\/revisions"}],"predecessor-version":[{"id":21297,"href":"https:\/\/comunitamagnificat.org\/ro\/wp-json\/wp\/v2\/pages\/18589\/revisions\/21297"}],"wp:featuredmedia":[{"embeddable":true,"href":"https:\/\/comunitamagnificat.org\/ro\/wp-json\/wp\/v2\/media\/10842"}],"wp:attachment":[{"href":"https:\/\/comunitamagnificat.org\/ro\/wp-json\/wp\/v2\/media?parent=18589"}],"curies":[{"name":"wp","href":"https:\/\/api.w.org\/{rel}","templated":true}]}}