{"id":19107,"date":"2024-08-22T18:36:10","date_gmt":"2024-08-22T16:36:10","guid":{"rendered":"https:\/\/comunitamagnificat.org\/formare-privind-insotirea-spirituala\/"},"modified":"2024-08-22T18:36:29","modified_gmt":"2024-08-22T16:36:29","slug":"formare-privind-insotirea-spirituala","status":"publish","type":"page","link":"https:\/\/comunitamagnificat.org\/ro\/formare-privind-insotirea-spirituala\/","title":{"rendered":"Formare privind \u00eenso\u021birea spiritual\u0103"},"content":{"rendered":"\n<div style=\"height:30px\" aria-hidden=\"true\" class=\"wp-block-spacer\"><\/div>\n\n<div class=\"wp-block-columns is-layout-flex wp-container-core-columns-is-layout-9d6595d7 wp-block-columns-is-layout-flex\">\n<div class=\"wp-block-column is-layout-flow wp-block-column-is-layout-flow\">\n<p>\u00cen perioada 3-5 ianuarie 2022, la San Manno, salesianul <strong>Don Luis Ros\u00f3n Galache<\/strong>, profesor la Facultatea de Filosofie a Universit\u0103\u021bii Pontificale Salesiene, a sus\u021binut o important\u0103 sesiune de formare pentru peste 200 de alia\u021bi &#8211; \u00een majoritate \u00eenso\u021bitori &#8211; din Italia \u0219i Rom\u00e2nia.<\/p>\n\n\n\n<div style=\"height:30px\" aria-hidden=\"true\" class=\"wp-block-spacer\"><\/div>\n\n\n\n<p>Cele cinci prelegeri \u00een care a fost \u00eemp\u0103r\u021bit\u0103 formarea au fost intercalate cu momente de \u00eentreb\u0103ri \u0219i r\u0103spunsuri \u00een care au fost explorate anumite aspecte.<\/p>\n\n\n\n<div style=\"height:30px\" aria-hidden=\"true\" class=\"wp-block-spacer\"><\/div>\n\n\n\n<p>  Mai jos ve\u021bi g\u0103si toate <strong>\u00eenregistr\u0103rile video <\/strong>ale discursurilor, <strong>\u00eenregistr\u0103rilor audio <\/strong>\u0219i <strong>documentelor <\/strong>prezentate de don Luis.<\/p>\n\n\n\n<div style=\"height:30px\" aria-hidden=\"true\" class=\"wp-block-spacer\"><\/div>\n\n\n\n<div class=\"wp-block-columns is-layout-flex wp-container-core-columns-is-layout-9d6595d7 wp-block-columns-is-layout-flex\">\n<div class=\"wp-block-column is-layout-flow wp-block-column-is-layout-flow\">\n<figure class=\"wp-block-embed is-type-video is-provider-youtube wp-block-embed-youtube wp-embed-aspect-16-9 wp-has-aspect-ratio\"><div class=\"wp-block-embed__wrapper\"> \n<iframe loading=\"lazy\" title=\"01 - Cosa non \u00e8 l&#039;accompagnamento\" width=\"500\" height=\"281\" src=\"https:\/\/www.youtube.com\/embed\/nerWUNoCqJ8?feature=oembed\" frameborder=\"0\" allow=\"accelerometer; autoplay; clipboard-write; encrypted-media; gyroscope; picture-in-picture; web-share\" referrerpolicy=\"strict-origin-when-cross-origin\" allowfullscreen><\/iframe>\n <\/div><\/figure>\n<\/div>\n\n\n\n<div class=\"wp-block-column is-layout-flow wp-block-column-is-layout-flow\">\n<figure class=\"wp-block-embed is-type-video is-provider-youtube wp-block-embed-youtube wp-embed-aspect-16-9 wp-has-aspect-ratio\"><div class=\"wp-block-embed__wrapper\"> \n<iframe loading=\"lazy\" title=\"02 - Accompagnare all&#039;esperienza di Dio\" width=\"500\" height=\"281\" src=\"https:\/\/www.youtube.com\/embed\/FwXG81bAE-k?feature=oembed\" frameborder=\"0\" allow=\"accelerometer; autoplay; clipboard-write; encrypted-media; gyroscope; picture-in-picture; web-share\" referrerpolicy=\"strict-origin-when-cross-origin\" allowfullscreen><\/iframe>\n <\/div><\/figure>\n<\/div>\n\n\n\n<div class=\"wp-block-column is-layout-flow wp-block-column-is-layout-flow\">\n<figure class=\"wp-block-embed is-type-video is-provider-youtube wp-block-embed-youtube wp-embed-aspect-16-9 wp-has-aspect-ratio\"><div class=\"wp-block-embed__wrapper\"> \n<iframe loading=\"lazy\" title=\"03 - Caratteristiche dell&#039;accompagnamento\" width=\"500\" height=\"281\" src=\"https:\/\/www.youtube.com\/embed\/AOfGu0ESfGQ?feature=oembed\" frameborder=\"0\" allow=\"accelerometer; autoplay; clipboard-write; encrypted-media; gyroscope; picture-in-picture; web-share\" referrerpolicy=\"strict-origin-when-cross-origin\" allowfullscreen><\/iframe>\n <\/div><\/figure>\n<\/div>\n\n\n\n<div class=\"wp-block-column is-layout-flow wp-block-column-is-layout-flow\">\n<figure class=\"wp-block-embed is-type-video is-provider-youtube wp-block-embed-youtube wp-embed-aspect-16-9 wp-has-aspect-ratio\"><div class=\"wp-block-embed__wrapper\"> \n<iframe loading=\"lazy\" title=\"04 - Accompagnamento e parola di Dio\" width=\"500\" height=\"281\" src=\"https:\/\/www.youtube.com\/embed\/RqbVfFLHHGE?feature=oembed\" frameborder=\"0\" allow=\"accelerometer; autoplay; clipboard-write; encrypted-media; gyroscope; picture-in-picture; web-share\" referrerpolicy=\"strict-origin-when-cross-origin\" allowfullscreen><\/iframe>\n <\/div><\/figure>\n<\/div>\n\n\n\n<div class=\"wp-block-column is-layout-flow wp-block-column-is-layout-flow\">\n<figure class=\"wp-block-embed is-type-video is-provider-youtube wp-block-embed-youtube wp-embed-aspect-16-9 wp-has-aspect-ratio\"><div class=\"wp-block-embed__wrapper\"> \n<iframe loading=\"lazy\" title=\"05 - Accompagnatore, profilo e funzione\" width=\"500\" height=\"281\" src=\"https:\/\/www.youtube.com\/embed\/RtbVSKtZi80?feature=oembed\" frameborder=\"0\" allow=\"accelerometer; autoplay; clipboard-write; encrypted-media; gyroscope; picture-in-picture; web-share\" referrerpolicy=\"strict-origin-when-cross-origin\" allowfullscreen><\/iframe>\n <\/div><\/figure>\n<\/div>\n<\/div>\n\n\n\n<div style=\"height:30px\" aria-hidden=\"true\" class=\"wp-block-spacer\"><\/div>\n\n\n\n<figure class=\"wp-block-audio\"><audio controls=\"\" src=\"https:\/\/comunitamagnificat.org\/wp-content\/uploads\/2022\/01\/1&#xB0;-intervento-Cosa-non-e-laccompagnamento.mp3\"><\/audio><figcaption>Prima sesiune &#8211; Ce nu este acompaniamentul<\/figcaption><\/figure>\n\n\n\n<figure class=\"wp-block-audio\"><audio controls=\"\" src=\"https:\/\/comunitamagnificat.org\/wp-content\/uploads\/2022\/01\/2&#xB0;-intervento-Accompagnare-allesperienza-di-Dio.mp3\"><\/audio><figcaption>A doua sesiune &#8211; \u00censo\u021birea experien\u021bei lui Dumnezeu<\/figcaption><\/figure>\n\n\n\n<figure class=\"wp-block-audio\"><audio controls=\"\" src=\"https:\/\/comunitamagnificat.org\/wp-content\/uploads\/2022\/01\/3&#xB0;-intervento-Caratteristiche-dellaccompagnamento.mp3\"><\/audio><figcaption>A treia sesiune &#8211; Caracteristici ale acompaniamentului<\/figcaption><\/figure>\n\n\n\n<figure class=\"wp-block-audio\"><audio controls=\"\" src=\"https:\/\/comunitamagnificat.org\/wp-content\/uploads\/2022\/01\/4&#xB0;-intervento-Accompagnamento-e-parola-di-Diomp4.mp3\"><\/audio><figcaption>A patra sesiune &#8211; \u00censo\u021birea \u0219i Cuv\u00e2ntul lui Dumnezeu<\/figcaption><\/figure>\n\n\n\n<figure class=\"wp-block-audio\"><audio controls=\"\" src=\"https:\/\/comunitamagnificat.org\/wp-content\/uploads\/2022\/01\/5&#xB0;-intervento-Accompagnatore-profilo-e-funzione.mp3\"><\/audio><figcaption>Sesiunea a cincea &#8211; acompaniatorul, profil \u0219i func\u021bie<\/figcaption><\/figure>\n\n\n\n<div style=\"height:30px\" aria-hidden=\"true\" class=\"wp-block-spacer\"><\/div>\n\n\n\n<div style=\"height:30px\" aria-hidden=\"true\" class=\"wp-block-spacer\"><\/div>\n\n\n\n<div data-wp-interactive=\"core\/file\" class=\"wp-block-file\"><object data-wp-bind--hidden=\"!state.hasPdfPreview\" hidden class=\"wp-block-file__embed\" data=\"https:\/\/comunitamagnificat.org\/wp-content\/uploads\/2022\/01\/ACM-1-ACCOMPAGNARE-NON-E.pdf\" type=\"application\/pdf\" style=\"width:100%;height:600px\" aria-label=\"\u00cenglobare pentru Incorporamento di ACM-1-ACCOMPAGNARE-NON-E..\"><\/object><a href=\"https:\/\/comunitamagnificat.org\/wp-content\/uploads\/2022\/01\/ACM-1-ACCOMPAGNARE-NON-E.pdf\">ACM-1-ACCOMPANYING-NOT-E<\/a><a href=\"https:\/\/comunitamagnificat.org\/wp-content\/uploads\/2022\/01\/ACM-1-ACCOMPAGNARE-NON-E.pdf\" class=\"wp-block-file__button\" download=\"\">Desc\u0103rcare<\/a><\/div>\n\n\n\n<div data-wp-interactive=\"core\/file\" class=\"wp-block-file\"><object data-wp-bind--hidden=\"!state.hasPdfPreview\" hidden class=\"wp-block-file__embed\" data=\"https:\/\/comunitamagnificat.org\/wp-content\/uploads\/2022\/01\/ACM-2-ACCOMPAGNARE-ESPERIENZA-DIO.pdf\" type=\"application\/pdf\" style=\"width:100%;height:600px\" aria-label=\"\u00cenglobare pentru Incorporamento di ACM-2-ACCOMPAGNARE-ESPERIENZA-DIO..\"><\/object><a href=\"https:\/\/comunitamagnificat.org\/wp-content\/uploads\/2022\/01\/ACM-2-ACCOMPAGNARE-ESPERIENZA-DIO.pdf\">ACM-2-ACOMPANIAMENT-EXPERIEN\u021a\u0102-ZEU<\/a><a href=\"https:\/\/comunitamagnificat.org\/wp-content\/uploads\/2022\/01\/ACM-2-ACCOMPAGNARE-ESPERIENZA-DIO.pdf\" class=\"wp-block-file__button\" download=\"\">Desc\u0103rcare<\/a><\/div>\n\n\n\n<div data-wp-interactive=\"core\/file\" class=\"wp-block-file\"><object data-wp-bind--hidden=\"!state.hasPdfPreview\" hidden class=\"wp-block-file__embed\" data=\"https:\/\/comunitamagnificat.org\/wp-content\/uploads\/2022\/01\/ACM-3-ACCOMPAGNAMENTO-SPIRITUALE-PERSONALE.pdf\" type=\"application\/pdf\" style=\"width:100%;height:600px\" aria-label=\"\u00cenglobare pentru Incorporamento di ACM-3-ACCOMPAGNAMENTO-SPIRITUALE-PERSONALE..\"><\/object><a href=\"https:\/\/comunitamagnificat.org\/wp-content\/uploads\/2022\/01\/ACM-3-ACCOMPAGNAMENTO-SPIRITUALE-PERSONALE.pdf\">ACM-3-SPIRITUAL-\u00ceNSO\u021aIRE PERSONAL\u0102<\/a><a href=\"https:\/\/comunitamagnificat.org\/wp-content\/uploads\/2022\/01\/ACM-3-ACCOMPAGNAMENTO-SPIRITUALE-PERSONALE.pdf\" class=\"wp-block-file__button\" download=\"\">Desc\u0103rcare<\/a><\/div>\n\n\n\n<div data-wp-interactive=\"core\/file\" class=\"wp-block-file\"><object data-wp-bind--hidden=\"!state.hasPdfPreview\" hidden class=\"wp-block-file__embed\" data=\"https:\/\/comunitamagnificat.org\/wp-content\/uploads\/2022\/01\/ACM-4-ACCOMP-PAROLA-DIO-E-PRASSI.pdf\" type=\"application\/pdf\" style=\"width:100%;height:600px\" aria-label=\"\u00cenglobare pentru Incorporamento di ACM-4-ACCOMP-PAROLA-DIO-E-PRASSI..\"><\/object><a href=\"https:\/\/comunitamagnificat.org\/wp-content\/uploads\/2022\/01\/ACM-4-ACCOMP-PAROLA-DIO-E-PRASSI.pdf\">ACM-4-ACCOMP-WORD-GOD-AND-PRAXIS<\/a><a href=\"https:\/\/comunitamagnificat.org\/wp-content\/uploads\/2022\/01\/ACM-4-ACCOMP-PAROLA-DIO-E-PRASSI.pdf\" class=\"wp-block-file__button\" download=\"\">Desc\u0103rcare<\/a><\/div>\n\n\n\n<div data-wp-interactive=\"core\/file\" class=\"wp-block-file\"><object data-wp-bind--hidden=\"!state.hasPdfPreview\" hidden class=\"wp-block-file__embed\" data=\"https:\/\/comunitamagnificat.org\/wp-content\/uploads\/2022\/01\/ACM-5-NOTA-PENITENZIERIA-FORO-INTERNO-19.pdf\" type=\"application\/pdf\" style=\"width:100%;height:600px\" aria-label=\"\u00cenglobare pentru Incorporamento di ACM-5 NOTA PENITENZIERIA FORO INTERNO-19..\"><\/object><a href=\"https:\/\/comunitamagnificat.org\/wp-content\/uploads\/2022\/01\/ACM-5-NOTA-PENITENZIERIA-FORO-INTERNO-19.pdf\">ACM-5 NOT\u0102 PENITENCIAR INTERN FORUM-19<\/a><a href=\"https:\/\/comunitamagnificat.org\/wp-content\/uploads\/2022\/01\/ACM-5-NOTA-PENITENZIERIA-FORO-INTERNO-19.pdf\" class=\"wp-block-file__button\" download=\"\">Desc\u0103rcare<\/a><\/div>\n\n\n\n<div data-wp-interactive=\"core\/file\" class=\"wp-block-file\"><object data-wp-bind--hidden=\"!state.hasPdfPreview\" hidden class=\"wp-block-file__embed\" data=\"https:\/\/comunitamagnificat.org\/wp-content\/uploads\/2022\/01\/ACM-6-ACCOMPAGNATORE.-PROFILO-E-FUNZIONE.pdf\" type=\"application\/pdf\" style=\"width:100%;height:600px\" aria-label=\"\u00cenglobare pentru Incorporamento di ACM-6-ACCOMPAGNATORE.-PROFILO-E-FUNZIONE..\"><\/object><a href=\"https:\/\/comunitamagnificat.org\/wp-content\/uploads\/2022\/01\/ACM-6-ACCOMPAGNATORE.-PROFILO-E-FUNZIONE.pdf\">ACM-6-ACCOMPANIER.-PROFIL-\u0218I-FUNC\u021aIE<\/a><a href=\"https:\/\/comunitamagnificat.org\/wp-content\/uploads\/2022\/01\/ACM-6-ACCOMPAGNATORE.-PROFILO-E-FUNZIONE.pdf\" class=\"wp-block-file__button\" download=\"\">Desc\u0103rcare<\/a><\/div>\n\n\n\n<div data-wp-interactive=\"core\/file\" class=\"wp-block-file\"><object data-wp-bind--hidden=\"!state.hasPdfPreview\" hidden class=\"wp-block-file__embed\" data=\"https:\/\/comunitamagnificat.org\/wp-content\/uploads\/2022\/01\/ACM-7-INTERVISTA-STRUMENTO-PRIVILEGIATO.pdf\" type=\"application\/pdf\" style=\"width:100%;height:600px\" aria-label=\"\u00cenglobare pentru Incorporamento di ACM-7-INTERVISTA-STRUMENTO-PRIVILEGIATO..\"><\/object><a href=\"https:\/\/comunitamagnificat.org\/wp-content\/uploads\/2022\/01\/ACM-7-INTERVISTA-STRUMENTO-PRIVILEGIATO.pdf\">ACM-7-INTERVIU-INSTRUMENT-PRIVILEGIAT<\/a><a href=\"https:\/\/comunitamagnificat.org\/wp-content\/uploads\/2022\/01\/ACM-7-INTERVISTA-STRUMENTO-PRIVILEGIATO.pdf\" class=\"wp-block-file__button\" download=\"\">Desc\u0103rcare<\/a><\/div>\n\n\n\n<div data-wp-interactive=\"core\/file\" class=\"wp-block-file\"><object data-wp-bind--hidden=\"!state.hasPdfPreview\" hidden class=\"wp-block-file__embed\" data=\"https:\/\/comunitamagnificat.org\/wp-content\/uploads\/2022\/01\/ACM-7-INTERVISTA-STRUMENTO-PRIVILEGIATO.pdf\" type=\"application\/pdf\" style=\"width:100%;height:600px\" aria-label=\"\u00cenglobare pentru Incorporamento di ACM-7-INTERVISTA-STRUMENTO-PRIVILEGIATO..\"><\/object><a href=\"https:\/\/comunitamagnificat.org\/wp-content\/uploads\/2022\/01\/ACM-7-INTERVISTA-STRUMENTO-PRIVILEGIATO.pdf\">ACM-7-INTERVIU-INSTRUMENT-PRIVILEGIAT<\/a><a href=\"https:\/\/comunitamagnificat.org\/wp-content\/uploads\/2022\/01\/ACM-7-INTERVISTA-STRUMENTO-PRIVILEGIATO.pdf\" class=\"wp-block-file__button\" download=\"\">Desc\u0103rcare<\/a><\/div>\n\n\n\n<div data-wp-interactive=\"core\/file\" class=\"wp-block-file\"><object data-wp-bind--hidden=\"!state.hasPdfPreview\" hidden class=\"wp-block-file__embed\" data=\"https:\/\/comunitamagnificat.org\/wp-content\/uploads\/2022\/01\/ACM-8-COM-MAGNIFICAT-LINEE-ACCOMP.pdf\" type=\"application\/pdf\" style=\"width:100%;height:600px\" aria-label=\"\u00cenglobare pentru Incorporamento di ACM-8-COM-MAGNIFICAT-LINEE-ACCOMP..\"><\/object><a href=\"https:\/\/comunitamagnificat.org\/wp-content\/uploads\/2022\/01\/ACM-8-COM-MAGNIFICAT-LINEE-ACCOMP.pdf\">ACM-8-COM-MAGNIFICAT-LINE-ACCOMP<\/a><a href=\"https:\/\/comunitamagnificat.org\/wp-content\/uploads\/2022\/01\/ACM-8-COM-MAGNIFICAT-LINEE-ACCOMP.pdf\" class=\"wp-block-file__button\" download=\"\">Desc\u0103rcare<\/a><\/div>\n\n\n\n<div data-wp-interactive=\"core\/file\" class=\"wp-block-file\"><object data-wp-bind--hidden=\"!state.hasPdfPreview\" hidden class=\"wp-block-file__embed\" data=\"https:\/\/comunitamagnificat.org\/wp-content\/uploads\/2022\/01\/ACM-9-ACCOMPAGNARE-NELLE-CRISI.pdf\" type=\"application\/pdf\" style=\"width:100%;height:600px\" aria-label=\"\u00cenglobare pentru Incorporamento di ACM-9-ACCOMPAGNARE-NELLE-CRISI..\"><\/object><a href=\"https:\/\/comunitamagnificat.org\/wp-content\/uploads\/2022\/01\/ACM-9-ACCOMPAGNARE-NELLE-CRISI.pdf\">ACM-9-\u00ceNTREPRINDEREA-\u00ceN-CRIZ\u0102<\/a><a href=\"https:\/\/comunitamagnificat.org\/wp-content\/uploads\/2022\/01\/ACM-9-ACCOMPAGNARE-NELLE-CRISI.pdf\" class=\"wp-block-file__button\" download=\"\">Desc\u0103rcare<\/a><\/div>\n\n\n\n<div data-wp-interactive=\"core\/file\" class=\"wp-block-file\"><object data-wp-bind--hidden=\"!state.hasPdfPreview\" hidden class=\"wp-block-file__embed\" data=\"https:\/\/comunitamagnificat.org\/wp-content\/uploads\/2022\/01\/ACM-9-ACCOMPAGNARE-NELLE-CRISI.pdf\" type=\"application\/pdf\" style=\"width:100%;height:600px\" aria-label=\"\u00cenglobare pentru Incorporamento di ACM-9-ACCOMPAGNARE-NELLE-CRISI..\"><\/object><a href=\"https:\/\/comunitamagnificat.org\/wp-content\/uploads\/2022\/01\/ACM-9-ACCOMPAGNARE-NELLE-CRISI.pdf\">ACM-9-\u00ceNTREPRINDEREA-\u00ceN-CRIZ\u0102<\/a><a href=\"https:\/\/comunitamagnificat.org\/wp-content\/uploads\/2022\/01\/ACM-9-ACCOMPAGNARE-NELLE-CRISI.pdf\" class=\"wp-block-file__button\" download=\"\">Desc\u0103rcare<\/a><\/div>\n\n\n\n<div data-wp-interactive=\"core\/file\" class=\"wp-block-file\"><object data-wp-bind--hidden=\"!state.hasPdfPreview\" hidden class=\"wp-block-file__embed\" data=\"https:\/\/comunitamagnificat.org\/wp-content\/uploads\/2022\/01\/EVOLUZIONE-FORO-INTERNO-FABRIS.pdf\" type=\"application\/pdf\" style=\"width:100%;height:600px\" aria-label=\"\u00cenglobare pentru Incorporamento di EVOLUZIONE-FORO-INTERNO-FABRIS..\"><\/object><a href=\"https:\/\/comunitamagnificat.org\/wp-content\/uploads\/2022\/01\/EVOLUZIONE-FORO-INTERNO-FABRIS.pdf\">EVOLU\u021aIE-INTERN\u0102-FABRIS<\/a><a href=\"https:\/\/comunitamagnificat.org\/wp-content\/uploads\/2022\/01\/EVOLUZIONE-FORO-INTERNO-FABRIS.pdf\" class=\"wp-block-file__button\" download=\"\">Desc\u0103rcare<\/a><\/div>\n\n\n\n<div data-wp-interactive=\"core\/file\" class=\"wp-block-file\"><object data-wp-bind--hidden=\"!state.hasPdfPreview\" hidden class=\"wp-block-file__embed\" data=\"https:\/\/comunitamagnificat.org\/wp-content\/uploads\/2022\/01\/PENITENZIERIA-FORO-INTERNO-NYKIEL-16.pdf\" type=\"application\/pdf\" style=\"width:100%;height:600px\" aria-label=\"\u00cenglobare pentru Incorporamento di PENITENZIERIA-FORO-INTERNO-NYKIEL-16..\"><\/object><a href=\"https:\/\/comunitamagnificat.org\/wp-content\/uploads\/2022\/01\/PENITENZIERIA-FORO-INTERNO-NYKIEL-16.pdf\">PENITENCIAR-FOR-INTERIOR-NYKIEL-16<\/a><a href=\"https:\/\/comunitamagnificat.org\/wp-content\/uploads\/2022\/01\/PENITENZIERIA-FORO-INTERNO-NYKIEL-16.pdf\" class=\"wp-block-file__button\" download=\"\">Desc\u0103rcare<\/a><\/div>\n<\/div>\n<\/div>\n\n<div style=\"height:50px\" aria-hidden=\"true\" class=\"wp-block-spacer\"><\/div>\n\n<div style=\"height:30px\" aria-hidden=\"true\" class=\"wp-block-spacer\"><\/div>\n","protected":false},"excerpt":{"rendered":"<p>\u00cen perioada 3-5 ianuarie 2022, la San Manno, salesianul Don Luis Ros\u00f3n Galache, profesor la Facultatea de Filosofie a Universit\u0103\u021bii Pontificale Salesiene, a sus\u021binut o important\u0103 sesiune de formare pentru peste 200 de alia\u021bi &#8211; \u00een majoritate \u00eenso\u021bitori &#8211; din Italia \u0219i Rom\u00e2nia. Cele cinci prelegeri \u00een care a fost \u00eemp\u0103r\u021bit\u0103 formarea au fost intercalate [&hellip;]<\/p>\n","protected":false},"author":3,"featured_media":16498,"parent":0,"menu_order":0,"comment_status":"closed","ping_status":"closed","template":"","meta":{"om_disable_all_campaigns":false,"_monsterinsights_skip_tracking":false,"_monsterinsights_sitenote_active":false,"_monsterinsights_sitenote_note":"","_monsterinsights_sitenote_category":0,"_uf_show_specific_survey":0,"_uf_disable_surveys":false,"footnotes":""},"class_list":["post-19107","page","type-page","status-publish","has-post-thumbnail","hentry"],"aioseo_notices":[],"_links":{"self":[{"href":"https:\/\/comunitamagnificat.org\/ro\/wp-json\/wp\/v2\/pages\/19107","targetHints":{"allow":["GET"]}}],"collection":[{"href":"https:\/\/comunitamagnificat.org\/ro\/wp-json\/wp\/v2\/pages"}],"about":[{"href":"https:\/\/comunitamagnificat.org\/ro\/wp-json\/wp\/v2\/types\/page"}],"author":[{"embeddable":true,"href":"https:\/\/comunitamagnificat.org\/ro\/wp-json\/wp\/v2\/users\/3"}],"replies":[{"embeddable":true,"href":"https:\/\/comunitamagnificat.org\/ro\/wp-json\/wp\/v2\/comments?post=19107"}],"version-history":[{"count":1,"href":"https:\/\/comunitamagnificat.org\/ro\/wp-json\/wp\/v2\/pages\/19107\/revisions"}],"predecessor-version":[{"id":19109,"href":"https:\/\/comunitamagnificat.org\/ro\/wp-json\/wp\/v2\/pages\/19107\/revisions\/19109"}],"wp:featuredmedia":[{"embeddable":true,"href":"https:\/\/comunitamagnificat.org\/ro\/wp-json\/wp\/v2\/media\/16498"}],"wp:attachment":[{"href":"https:\/\/comunitamagnificat.org\/ro\/wp-json\/wp\/v2\/media?parent=19107"}],"curies":[{"name":"wp","href":"https:\/\/api.w.org\/{rel}","templated":true}]}}