{"id":19132,"date":"2024-08-22T18:37:14","date_gmt":"2024-08-22T16:37:14","guid":{"rendered":"https:\/\/comunitamagnificat.org\/visul-lui-dumnezeu\/"},"modified":"2024-08-22T18:38:29","modified_gmt":"2024-08-22T16:38:29","slug":"visul-lui-dumnezeu","status":"publish","type":"page","link":"https:\/\/comunitamagnificat.org\/ro\/publicatii\/cantecele\/visul-lui-dumnezeu\/","title":{"rendered":"Visul lui Dumnezeu"},"content":{"rendered":"\n<div class=\"wp-block-columns is-layout-flex wp-container-core-columns-is-layout-9d6595d7 wp-block-columns-is-layout-flex\">\n<div class=\"wp-block-column is-layout-flow wp-block-column-is-layout-flow\">\n<div style=\"height:30px\" aria-hidden=\"true\" class=\"wp-block-spacer\"><\/div>\n\n\n\n<div class=\"wp-block-columns is-layout-flex wp-container-core-columns-is-layout-9d6595d7 wp-block-columns-is-layout-flex\">\n<div class=\"wp-block-column is-layout-flow wp-block-column-is-layout-flow\"><\/div>\n\n\n\n<div class=\"wp-block-column is-layout-flow wp-block-column-is-layout-flow\">\n<figure class=\"wp-block-image size-large\"><picture data-lightbox=\"https:\/\/comunitamagnificat.org\/wp-content\/uploads\/2021\/04\/Copertina-3.jpg\"><source type='image\/jpeg' srcset='https:\/\/comunitamagnificat.org\/wp-content\/uploads\/2021\/04\/Copertina-3.jpg 1624w, https:\/\/comunitamagnificat.org\/wp-content\/uploads\/2021\/04\/Copertina-3-300x270.jpg 300w, https:\/\/comunitamagnificat.org\/wp-content\/uploads\/2021\/04\/Copertina-3-1024x921.jpg 1024w, https:\/\/comunitamagnificat.org\/wp-content\/uploads\/2021\/04\/Copertina-3-768x690.jpg 768w, https:\/\/comunitamagnificat.org\/wp-content\/uploads\/2021\/04\/Copertina-3-1536x1381.jpg 1536w' sizes='(max-width: 1624px) 100vw, 1624px' \/><img loading=\"lazy\" decoding=\"async\" width=\"1024\" height=\"921\" src=\"https:\/\/comunitamagnificat.org\/wp-content\/uploads\/2021\/04\/Copertina-3-1024x921.jpg\" alt=\"\" class=\"wp-image-8032\"\/><\/picture><\/figure>\n<\/div>\n\n\n\n<div class=\"wp-block-column is-layout-flow wp-block-column-is-layout-flow\"><\/div>\n<\/div>\n\n\n\n<div style=\"height:30px\" aria-hidden=\"true\" class=\"wp-block-spacer\"><\/div>\n\n\n\n<p>Cu ocazia celei de-a 40-a anivers\u0103ri a Comunit\u0103\u021bii, a fost prezentat\u0103 o colec\u021bie intitulat\u0103 &#8222;Visul lui Dumnezeu&#8221;, f\u0103c\u00e2nd aluzie la celebra <a href=\"https:\/\/comunitamagnificat.org\/sognare-il-sogno-di-dio\/\" data-type=\"page\" data-id=\"572\">catehez\u0103<\/a> a lui Tarcisio Mezzetti, care a murit cu doi ani mai devreme.<\/p>\n\n\n\n<div style=\"height:30px\" aria-hidden=\"true\" class=\"wp-block-spacer\"><\/div>\n\n\n\n<p>Colec\u021bia con\u021bine treisprezece c\u00e2ntece, dintre care unsprezece sunt semnate de autori care sunt membri ai Comunit\u0103\u021bii, precum \u0219i dou\u0103 traduceri ale c\u00e2ntecelor \u00een limba englez\u0103.\nAcestea sunt titlurile \u0219i autorii: \n<strong>Thank You<\/strong> (\n<em>Moen Donald, Baloche Paul<\/em>; traducere \u0219i adaptare de \n<em>Gloria Roscini<\/em>); \n<strong>Visul lui Dumnezeu<\/strong> (\n<em>Giada Tullio<\/em>); \n<strong>Binecuv\u00e2ntat s\u0103 fie Domnul<\/strong> (\n<em>Valter Ferrero<\/em>); \n<strong>Rege al regilor \u0219i Domn al domnilor<\/strong> (\n<em>Daniela Saetta<\/em>); \n<strong>Totul pentru tine<\/strong> (\n<em>Federico Luisi<\/em>); \n<strong>Crinul c\u00e2mpului<\/strong> (\n<em><em>Valter Ferrero<\/em><\/em>); \n<strong>Sei venuto a salvarmi<\/strong> (         <em>S. Marty<\/em>, \n<em>D. Joel<\/em>, \n<em>T. Dylan<\/em>; traducere \u0219i adaptare de \n<em>Francesca Ragnacci<\/em> \u0219i \n<em>Gloria Roscini<\/em>); \n<strong>Femeia \u0219i dragonul <\/strong>(\n<em><em>Daniela Saetta<\/em><\/em>); \n<strong>Ierusalimul ceresc<\/strong> (\n<em>Giada Tullio<\/em>); \n<strong>Voi vorbi inimii lui<\/strong> (\n<em><em>Elena Yarrow<\/em><\/em>); \n<strong>Psalmul Invitatory<\/strong> (        <em>Gioele Pontani<\/em>); <strong>Duhul Sf\u00e2nt, vino<\/strong> (<em><em>Gloria Roscini<\/em><\/em>); <strong>Regina Cerului<\/strong><em>(Monica Bevilacqua<\/em>).<\/p>\n\n\n\n<div style=\"height:30px\" aria-hidden=\"true\" class=\"wp-block-spacer\"><\/div>\n\n\n\n<div class=\"wp-block-columns is-layout-flex wp-container-core-columns-is-layout-9d6595d7 wp-block-columns-is-layout-flex\">\n<div class=\"wp-block-column is-layout-flow wp-block-column-is-layout-flow\">\n<p>Sub conducerea artistic\u0103 a lui <em>Michele Rossetti<\/em>, c\u00e2ntecele au fost interpretate de:<\/p>\n\n\n\n<p><strong>VOCI DE COPII \u0218I B\u0102IE\u021aI<\/strong>: <em>Vittoria<\/em> <em>Morozzi, Tommaso Morozzi<\/em>, <em>Anna Trubbianelli<\/em><br\/><strong>VOCI<\/strong>: \n<em>Alessandro Luigi Appella<\/em>, \n<em>Valentina Bettelli<\/em>, \n<em>Monica Bevilacqua<\/em>, \n<em>Lucio Caseti<\/em>, \n<em>Maria Rosaria Ciccarelli<\/em>, \n<em>Valter Ferrero<\/em>, \n<em>Guglielmo Fumi<\/em>, \n<em>Luca Mondanelli<\/em>, \n<em>Nicola Natalizi<\/em>, \n<em>Francesco Palazzetti<\/em>, \n<em>Andrea Pesare<\/em>, \n<em>Sarah Piccioni<\/em>, \n<em>Gioele Pontani<\/em>, \n<em>Francesca Ragnacci<\/em>,                <em>Daniela Saetta<\/em>, \n<em>Sr Gloria Betel<\/em>, \n<em>Simone Vignini<\/em>, \n<em>Simona Villani<\/em>, \n<em>Gabriele Viola<\/em>,      <em>Anna Chiara Volpi<\/em><br\/><strong>INSTRUMENTE<\/strong>: Vioar\u0103: <em>Paolo Castellani<\/em>.\nChitar\u0103: <em>Valter Ferrero<\/em>.\nPian: <em>Michele Rossetti<\/em>  <br\/><strong>Aranjamente \u0219i scriere vocal\u0103<\/strong>: <em>Alberto Brizzi<\/em><\/p>\n\n\n\n<div style=\"height:30px\" aria-hidden=\"true\" class=\"wp-block-spacer\"><\/div>\n\n\n\n<div class=\"wp-block-columns is-layout-flex wp-container-core-columns-is-layout-9d6595d7 wp-block-columns-is-layout-flex\">\n<div class=\"wp-block-column is-layout-flow wp-block-column-is-layout-flow\" style=\"flex-basis:100%\">\n<p>Acestea sunt mp3-urile melodiilor:<\/p>\n<\/div>\n<\/div>\n\n\n\n<div style=\"height:30px\" aria-hidden=\"true\" class=\"wp-block-spacer\"><\/div>\n\n\n\n<div class=\"wp-block-columns is-layout-flex wp-container-core-columns-is-layout-9d6595d7 wp-block-columns-is-layout-flex\">\n<div class=\"wp-block-column is-layout-flow wp-block-column-is-layout-flow\">\n<figure class=\"wp-block-audio\"><audio controls=\"\" src=\"https:\/\/comunitamagnificat.org\/wp-content\/uploads\/2021\/04\/01-Traccia-1.mp3\"><\/audio><figcaption><em>V\u0103 mul\u021bumim<\/em><\/figcaption><\/figure>\n\n\n\n<figure class=\"wp-block-audio\"><audio controls=\"\" src=\"https:\/\/comunitamagnificat.org\/wp-content\/uploads\/2021\/04\/02-Traccia-2.mp3\"><\/audio><figcaption><em>Visul lui Dumnezeu<\/em><\/figcaption><\/figure>\n\n\n\n<figure class=\"wp-block-audio\"><audio controls=\"\" src=\"https:\/\/comunitamagnificat.org\/wp-content\/uploads\/2021\/04\/03-Traccia-3.mp3\"><\/audio><figcaption><em>Binecuv\u00e2ntat s\u0103 fie Domnul<\/em><\/figcaption><\/figure>\n\n\n\n<figure class=\"wp-block-audio\"><audio controls=\"\" src=\"https:\/\/comunitamagnificat.org\/wp-content\/uploads\/2021\/04\/04-Traccia-4.mp3\"><\/audio><figcaption><em>Rege al regilor \u0219i Domn al domnilor<\/em><\/figcaption><\/figure>\n\n\n\n<figure class=\"wp-block-audio\"><audio controls=\"\" src=\"https:\/\/comunitamagnificat.org\/wp-content\/uploads\/2021\/04\/05-Traccia-5.mp3\"><\/audio><figcaption><em>Totul pentru tine<\/em><\/figcaption><\/figure>\n\n\n\n<figure class=\"wp-block-audio\"><audio controls=\"\" src=\"https:\/\/comunitamagnificat.org\/wp-content\/uploads\/2021\/04\/06-Traccia-6.mp3\"><\/audio><figcaption><em>Crin de c\u00e2mp<\/em><\/figcaption><\/figure>\n\n\n\n<figure class=\"wp-block-audio\"><audio controls=\"\" src=\"https:\/\/comunitamagnificat.org\/wp-content\/uploads\/2021\/04\/07-Traccia-7.mp3\"><\/audio><figcaption><em>Ai venit s\u0103 m\u0103 salvezi<\/em><\/figcaption><\/figure>\n\n\n\n<figure class=\"wp-block-audio\"><audio controls=\"\" src=\"https:\/\/comunitamagnificat.org\/wp-content\/uploads\/2021\/04\/08-Traccia-8.mp3\"><\/audio><figcaption><em>Femeia \u0219i dragonul<\/em><\/figcaption><\/figure>\n\n\n\n<figure class=\"wp-block-audio\"><audio controls=\"\" src=\"https:\/\/comunitamagnificat.org\/wp-content\/uploads\/2021\/04\/09-Traccia-9.mp3\"><\/audio><figcaption><em>Ierusalimul ceresc<\/em><\/figcaption><\/figure>\n\n\n\n<figure class=\"wp-block-audio\"><audio controls=\"\" src=\"https:\/\/comunitamagnificat.org\/wp-content\/uploads\/2021\/04\/10-Traccia-10.mp3\"><\/audio><figcaption><em>Voi vorbi cu inima lui<\/em><\/figcaption><\/figure>\n\n\n\n<figure class=\"wp-block-audio\"><audio controls=\"\" src=\"https:\/\/comunitamagnificat.org\/wp-content\/uploads\/2021\/04\/11-Traccia-11.mp3\"><\/audio><figcaption><em>Psalmul Invitatory<\/em><\/figcaption><\/figure>\n\n\n\n<figure class=\"wp-block-audio\"><audio controls=\"\" src=\"https:\/\/comunitamagnificat.org\/wp-content\/uploads\/2021\/04\/12-Traccia-12.mp3\"><\/audio><figcaption><em>Duhul Sf\u00e2nt s\u0103 vin\u0103<\/em><\/figcaption><\/figure>\n\n\n\n<figure class=\"wp-block-audio\"><audio controls=\"\" src=\"https:\/\/comunitamagnificat.org\/wp-content\/uploads\/2021\/04\/13-Traccia-13.mp3\"><\/audio><figcaption><em>Regina cerului<\/em><\/figcaption><\/figure>\n\n\n\n<figure class=\"wp-block-audio\"><audio controls=\"\" src=\"https:\/\/comunitamagnificat.org\/wp-content\/uploads\/2021\/04\/14-Traccia-14.mp3\"><\/audio><figcaption><em>Mul\u021bumesc &#8211; reluare<\/em><\/figcaption><\/figure>\n<\/div>\n\n\n\n<div class=\"wp-block-column is-layout-flow wp-block-column-is-layout-flow\"><\/div>\n<\/div>\n\n\n\n<div style=\"height:50px\" aria-hidden=\"true\" class=\"wp-block-spacer\"><\/div>\n<\/div>\n<\/div>\n\n\n\n<div style=\"height:30px\" aria-hidden=\"true\" class=\"wp-block-spacer\"><\/div>\n\n\n\n<p><\/p>\n<\/div>\n<\/div>\n","protected":false},"excerpt":{"rendered":"<p>Cu ocazia celei de-a 40-a anivers\u0103ri a Comunit\u0103\u021bii, a fost prezentat\u0103 o colec\u021bie intitulat\u0103 &#8222;Visul lui Dumnezeu&#8221;, f\u0103c\u00e2nd aluzie la celebra catehez\u0103 a lui Tarcisio Mezzetti, care a murit cu doi ani mai devreme. Colec\u021bia con\u021bine treisprezece c\u00e2ntece, dintre care unsprezece sunt semnate de autori care sunt membri ai Comunit\u0103\u021bii, precum \u0219i dou\u0103 traduceri ale [&hellip;]<\/p>\n","protected":false},"author":3,"featured_media":15990,"parent":19154,"menu_order":0,"comment_status":"closed","ping_status":"closed","template":"","meta":{"om_disable_all_campaigns":false,"_monsterinsights_skip_tracking":false,"_monsterinsights_sitenote_active":false,"_monsterinsights_sitenote_note":"","_monsterinsights_sitenote_category":0,"_uf_show_specific_survey":0,"_uf_disable_surveys":false,"footnotes":""},"class_list":["post-19132","page","type-page","status-publish","has-post-thumbnail","hentry"],"aioseo_notices":[],"_links":{"self":[{"href":"https:\/\/comunitamagnificat.org\/ro\/wp-json\/wp\/v2\/pages\/19132","targetHints":{"allow":["GET"]}}],"collection":[{"href":"https:\/\/comunitamagnificat.org\/ro\/wp-json\/wp\/v2\/pages"}],"about":[{"href":"https:\/\/comunitamagnificat.org\/ro\/wp-json\/wp\/v2\/types\/page"}],"author":[{"embeddable":true,"href":"https:\/\/comunitamagnificat.org\/ro\/wp-json\/wp\/v2\/users\/3"}],"replies":[{"embeddable":true,"href":"https:\/\/comunitamagnificat.org\/ro\/wp-json\/wp\/v2\/comments?post=19132"}],"version-history":[{"count":1,"href":"https:\/\/comunitamagnificat.org\/ro\/wp-json\/wp\/v2\/pages\/19132\/revisions"}],"predecessor-version":[{"id":19133,"href":"https:\/\/comunitamagnificat.org\/ro\/wp-json\/wp\/v2\/pages\/19132\/revisions\/19133"}],"up":[{"embeddable":true,"href":"https:\/\/comunitamagnificat.org\/ro\/wp-json\/wp\/v2\/pages\/19154"}],"wp:featuredmedia":[{"embeddable":true,"href":"https:\/\/comunitamagnificat.org\/ro\/wp-json\/wp\/v2\/media\/15990"}],"wp:attachment":[{"href":"https:\/\/comunitamagnificat.org\/ro\/wp-json\/wp\/v2\/media?parent=19132"}],"curies":[{"name":"wp","href":"https:\/\/api.w.org\/{rel}","templated":true}]}}