{"id":19143,"date":"2024-08-22T18:37:50","date_gmt":"2024-08-22T16:37:50","guid":{"rendered":"https:\/\/comunitamagnificat.org\/cuvantul-tau-ma-incanta\/"},"modified":"2025-09-10T18:19:08","modified_gmt":"2025-09-10T16:19:08","slug":"cuvantul-tau-ma-incanta","status":"publish","type":"page","link":"https:\/\/comunitamagnificat.org\/ro\/publicatii\/cantecele\/cuvantul-tau-ma-incanta\/","title":{"rendered":"Cuv\u00e2ntul t\u0103u m\u0103 \u00eenc\u00e2nt\u0103"},"content":{"rendered":"\n<div class=\"wp-block-columns is-layout-flex wp-container-core-columns-is-layout-9d6595d7 wp-block-columns-is-layout-flex\">\n<div class=\"wp-block-column is-layout-flow wp-block-column-is-layout-flow\">\n<div style=\"height:30px\" aria-hidden=\"true\" class=\"wp-block-spacer\"><\/div>\n\n\n\n<div class=\"wp-block-columns is-layout-flex wp-container-core-columns-is-layout-9d6595d7 wp-block-columns-is-layout-flex\">\n<div class=\"wp-block-column is-layout-flow wp-block-column-is-layout-flow\"><\/div>\n\n\n\n<div class=\"wp-block-column is-layout-flow wp-block-column-is-layout-flow\">\n<figure class=\"wp-block-image size-large\"><picture data-lightbox=\"https:\/\/comunitamagnificat.org\/wp-content\/uploads\/2025\/09\/Copertina.jpg\"><source type='image\/jpeg' srcset='https:\/\/comunitamagnificat.org\/wp-content\/uploads\/2025\/09\/Copertina.jpg 1652w, https:\/\/comunitamagnificat.org\/wp-content\/uploads\/2025\/09\/Copertina-300x267.jpg 300w, https:\/\/comunitamagnificat.org\/wp-content\/uploads\/2025\/09\/Copertina-1024x910.jpg 1024w, https:\/\/comunitamagnificat.org\/wp-content\/uploads\/2025\/09\/Copertina-768x682.jpg 768w, https:\/\/comunitamagnificat.org\/wp-content\/uploads\/2025\/09\/Copertina-1536x1365.jpg 1536w' sizes='(max-width: 1652px) 100vw, 1652px' \/><img loading=\"lazy\" decoding=\"async\" width=\"1024\" height=\"910\" src=\"https:\/\/comunitamagnificat.org\/wp-content\/uploads\/2025\/09\/Copertina-1024x910.jpg\" alt=\"\" class=\"wp-image-24921\"\/><\/picture><\/figure>\n<\/div>\n\n\n\n<div class=\"wp-block-column is-layout-flow wp-block-column-is-layout-flow\"><\/div>\n<\/div>\n\n\n\n<div style=\"height:30px\" aria-hidden=\"true\" class=\"wp-block-spacer\"><\/div>\n\n\n\n<p>Aceast\u0103 colec\u021bie de c\u00e2ntece a fost compilat\u0103 pentru a marca cea de-a 30-a aniversare a fond\u0103rii Comunit\u0103\u021bii \u0219i a fost prezentat\u0103 la Conven\u021bia general\u0103 din ianuarie 2008.<\/p>\n\n\n\n<div style=\"height:30px\" aria-hidden=\"true\" class=\"wp-block-spacer\"><\/div>\n\n\n\n<p>Este alc\u0103tuit din 16 c\u00e2ntece compuse de \u0219ase autori diferi\u021bi, toate legate \u00eentr-un fel sau altul de tema Cuv\u00e2ntului lui Dumnezeu.<\/p>\n\n\n\n<div style=\"height:30px\" aria-hidden=\"true\" class=\"wp-block-spacer\"><\/div>\n\n\n\n<p>Mai jos este o list\u0103 a c\u00e2ntecelor \u0219i a autorilor acestora, to\u021bi membri ai Comunit\u0103\u021bii: <strong>Vieni tu solo<\/strong> ( <em>don Livio Tacchini<\/em>); <strong>Eccomi <\/strong>( <em>Daniela Saetta<\/em>); <strong>Il mio diletto <\/strong>( <em>Valentina Bettelli<\/em>); <strong>Canto di vittoria <\/strong>( <em>Maria Rita Castellani<\/em>); <strong>Io sono tranquillo e sereno <\/strong>( <em>Daniela Saetta<\/em>); <strong>Buon Ges\u00f9<\/strong> ( <em><em>Don Livio Tacchini<\/em><\/em>); <strong>In the room of my soul <\/strong>( <em>Elena Yarrow<\/em>);         <strong>Isus doar tu <\/strong>( <em><em>Daniela Saetta<\/em><\/em>); <strong>Li illuminer\u00e0 <\/strong>( <em>Daniela Saetta<\/em>); <strong>Trisaghion <\/strong>( <em><em>Don Livio Tacchini<\/em><\/em>); <strong>I belong to you <\/strong>( <em>Lucio Pio Molinaro<\/em>); <strong>If my people<\/strong> ( <em><em>Daniela Saetta<\/em><\/em>); <strong>Duhul Tat\u0103lui<\/strong> ( <em>Valentina Bettelli<\/em>);       <strong>Caritatea<\/strong> <em>(Maria Rita Castellani<\/em>); <strong>Dragostea lui pentru mine<\/strong><em>(Don Livio Tacchini<\/em>); <strong>Cine va rostogoli piatra pentru noi? <\/strong><em>(Daniela Saetta<\/em>).<\/p>\n\n\n\n<div style=\"height:30px\" aria-hidden=\"true\" class=\"wp-block-spacer\"><\/div>\n\n\n\n<p>Sub conducerea artistic\u0103 a lui <em>Michele Rossetti<\/em>, c\u00e2ntecele au fost interpretate de:<\/p>\n\n\n\n<p><strong>VOCI SOLISONE<\/strong>: <em>Valentina Bettelli<\/em>, <em>Alberto Carlini<\/em>, <em>Gianluca Franchi<\/em>, <em>Guglielmo Fumi<\/em>, <em>Francesca<\/em> <em>Roscini, Gloria Roscini<\/em>, <em>Daniela Saetta<\/em>, <em>Brunella<\/em> <em>Tacchini, Don Livio Tacchini<\/em>.<br\/><strong>VOCI CORALE<\/strong>: <em>Caterina Bezzecheri<\/em>, <em>Anna Cavalagli<\/em>, <em>Giorgia Fanelli<\/em>, <em>Valentina Franzoni<\/em>, <em>Angela Galli<\/em>, <em>Anna Lince<\/em>, <em>Michele Mandrelli<\/em>, <em>Daniela Mariottini<\/em>, <em>Daniele Ruggeri<\/em>, <em>Alessandro Scarda<\/em>, <em>Davide Tassi<\/em>, <em>Luciana Ugolini<\/em>, <em>Silvia Vinti<\/em><br\/><strong>VOCI DE COPII<\/strong>: <em>Veronica Rossetti<\/em>, <em>Ester<\/em> <em>Carloni, Elena Carloni<\/em>, <em>Vittoria Epicoco<\/em>, <em>Francesca Roscini<\/em><br\/><strong>INSTRUMENTE<\/strong>: Vioar\u0103: <em>Luca Arcese<\/em>, <em>Katia Ghigi<\/em>. Vioar\u0103: <em>Luca Arcese<\/em>. Violoncel: <em>Marco Becchetti<\/em>. Flaut: <em>Claudia Giottoli<\/em>. Pian: <em>Michele Rossetti<\/em>.    <br\/><strong>Aranjamente \u0219i scriere vocal\u0103<\/strong>: <em>Alberto Brizzi<\/em>, <em>Michele Rossetti<\/em><\/p>\n\n\n\n<div style=\"height:30px\" aria-hidden=\"true\" class=\"wp-block-spacer\"><\/div>\n\n\n\n<div class=\"wp-block-columns is-layout-flex wp-container-core-columns-is-layout-9d6595d7 wp-block-columns-is-layout-flex\">\n<div class=\"wp-block-column is-layout-flow wp-block-column-is-layout-flow\" style=\"flex-basis:100%\">\n<p>Acestea sunt mp3-urile melodiilor:<\/p>\n<\/div>\n<\/div>\n\n\n\n<div class=\"wp-block-columns is-layout-flex wp-container-core-columns-is-layout-9d6595d7 wp-block-columns-is-layout-flex\">\n<div class=\"wp-block-column is-layout-flow wp-block-column-is-layout-flow\">\n<figure class=\"wp-block-audio\"><audio controls=\"\" src=\"https:\/\/comunitamagnificat.org\/wp-content\/uploads\/2021\/04\/01-Vieni-tu-solo.mp3\"><\/audio><figcaption class=\"wp-element-caption\"><em>Vino tu singur<\/em><\/figcaption><\/figure>\n\n\n\n<figure class=\"wp-block-audio\"><audio controls=\"\" src=\"https:\/\/comunitamagnificat.org\/wp-content\/uploads\/2021\/04\/02-Eccomi.mp3\"><\/audio><figcaption class=\"wp-element-caption\"><em>Iat\u0103-m\u0103<\/em><\/figcaption><\/figure>\n\n\n\n<figure class=\"wp-block-audio\"><audio controls=\"\" src=\"https:\/\/comunitamagnificat.org\/wp-content\/uploads\/2021\/04\/03-Il-mio-diletto.mp3\"><\/audio><figcaption class=\"wp-element-caption\"><em>Deliciul meu<\/em><\/figcaption><\/figure>\n\n\n\n<figure class=\"wp-block-audio\"><audio controls=\"\" src=\"https:\/\/comunitamagnificat.org\/wp-content\/uploads\/2021\/04\/04-Canto-di-vittoria.mp3\"><\/audio><figcaption class=\"wp-element-caption\"><em>C\u00e2ntecul victoriei<\/em><\/figcaption><\/figure>\n\n\n\n<figure class=\"wp-block-audio\"><audio controls=\"\" src=\"https:\/\/comunitamagnificat.org\/wp-content\/uploads\/2021\/04\/05-Io-sono-tranquillo-e-sereno.mp3\"><\/audio><figcaption class=\"wp-element-caption\"><em>Sunt calm \u0219i senin<\/em><\/figcaption><\/figure>\n\n\n\n<figure class=\"wp-block-audio\"><audio controls=\"\" src=\"https:\/\/comunitamagnificat.org\/wp-content\/uploads\/2021\/04\/06-Buon-Gesu.mp3\"><\/audio><figcaption class=\"wp-element-caption\"><em>Bunul Iisus<\/em><\/figcaption><\/figure>\n\n\n\n<figure class=\"wp-block-audio\"><audio controls=\"\" src=\"https:\/\/comunitamagnificat.org\/wp-content\/uploads\/2021\/04\/07-Nella-stanza-dellanima-mia.mp3\"><\/audio><figcaption class=\"wp-element-caption\"><em>\u00cen camera sufletului meu<\/em><\/figcaption><\/figure>\n\n\n\n<figure class=\"wp-block-audio\"><audio controls=\"\" src=\"https:\/\/comunitamagnificat.org\/wp-content\/uploads\/2021\/04\/08-Gesu-solo-tu.mp3\"><\/audio><figcaption class=\"wp-element-caption\"><em>Isus doar tu<\/em><\/figcaption><\/figure>\n\n\n\n<figure class=\"wp-block-audio\"><audio controls=\"\" src=\"https:\/\/comunitamagnificat.org\/wp-content\/uploads\/2021\/04\/09-Li-illuminera.mp3\"><\/audio><figcaption class=\"wp-element-caption\"><em>\u00cei va ilumina<\/em><\/figcaption><\/figure>\n\n\n\n<figure class=\"wp-block-audio\"><audio controls=\"\" src=\"https:\/\/comunitamagnificat.org\/wp-content\/uploads\/2021\/04\/10-Trisaghion.mp3\"><\/audio><figcaption class=\"wp-element-caption\"><em>Trisaghion<\/em><\/figcaption><\/figure>\n\n\n\n<figure class=\"wp-block-audio\"><audio controls=\"\" src=\"https:\/\/comunitamagnificat.org\/wp-content\/uploads\/2021\/04\/11-Io-ti-appartengo.mp3\"><\/audio><figcaption class=\"wp-element-caption\"><em>\u00ce\u021bi apar\u021bin<\/em><\/figcaption><\/figure>\n\n\n\n<figure class=\"wp-block-audio\"><audio controls=\"\" src=\"https:\/\/comunitamagnificat.org\/wp-content\/uploads\/2021\/04\/12-Se-il-mio-popolo.mp3\"><\/audio><figcaption class=\"wp-element-caption\"><em>Dac\u0103 poporul meu<\/em><\/figcaption><\/figure>\n\n\n\n<figure class=\"wp-block-audio\"><audio controls=\"\" src=\"https:\/\/comunitamagnificat.org\/wp-content\/uploads\/2021\/04\/13-Spirito-damore.mp3\"><\/audio><figcaption class=\"wp-element-caption\"><em>Duhul Tat\u0103lui<\/em><\/figcaption><\/figure>\n\n\n\n<figure class=\"wp-block-audio\"><audio controls=\"\" src=\"https:\/\/comunitamagnificat.org\/wp-content\/uploads\/2021\/04\/14-La-carita.mp3\"><\/audio><figcaption class=\"wp-element-caption\"><em>Caritate<\/em><\/figcaption><\/figure>\n\n\n\n<figure class=\"wp-block-audio\"><audio controls=\"\" src=\"https:\/\/comunitamagnificat.org\/wp-content\/uploads\/2021\/04\/15-Il-suo-amore-per-me.mp3\"><\/audio><figcaption class=\"wp-element-caption\"><em>Dragostea lui pentru mine<\/em><\/figcaption><\/figure>\n\n\n\n<figure class=\"wp-block-audio\"><audio controls=\"\" src=\"https:\/\/comunitamagnificat.org\/wp-content\/uploads\/2021\/04\/16-Chi-ci-fara-rotolare-la-pietra.mp3\"><\/audio><figcaption class=\"wp-element-caption\"><em>Cine va rostogoli piatra pentru noi?<\/em><\/figcaption><\/figure>\n<\/div>\n\n\n\n<div class=\"wp-block-column is-layout-flow wp-block-column-is-layout-flow\"><\/div>\n<\/div>\n\n\n\n<div style=\"height:30px\" aria-hidden=\"true\" class=\"wp-block-spacer\"><\/div>\n\n\n\n<div class=\"wp-block-columns is-layout-flex wp-container-core-columns-is-layout-9d6595d7 wp-block-columns-is-layout-flex\">\n<div class=\"wp-block-column is-layout-flow wp-block-column-is-layout-flow\">\n<p>Iat\u0103 c\u00e2teva videoclipuri realizate cu melodiile din aceast\u0103 colec\u021bie:<\/p>\n<\/div>\n<\/div>\n<\/div>\n<\/div>\n\n<div class=\"wp-block-columns is-layout-flex wp-container-core-columns-is-layout-9d6595d7 wp-block-columns-is-layout-flex\">\n<div class=\"wp-block-column is-layout-flow wp-block-column-is-layout-flow\">\n<figure class=\"wp-block-embed is-type-video is-provider-youtube wp-block-embed-youtube wp-embed-aspect-16-9 wp-has-aspect-ratio\"><div class=\"wp-block-embed__wrapper\">\n<iframe loading=\"lazy\" title=\"Buon Ges\u00f9\" width=\"500\" height=\"281\" src=\"https:\/\/www.youtube.com\/embed\/Dc2zfuAM2DY?list=PLLnp9XgmlaS_rDD7LhN_CBwm-8dcQT3mF\" frameborder=\"0\" allow=\"accelerometer; autoplay; clipboard-write; encrypted-media; gyroscope; picture-in-picture; web-share\" referrerpolicy=\"strict-origin-when-cross-origin\" allowfullscreen><\/iframe>\n<\/div><\/figure>\n<\/div>\n\n\n\n<div class=\"wp-block-column is-layout-flow wp-block-column-is-layout-flow\">\n<figure class=\"wp-block-embed is-type-video is-provider-youtube wp-block-embed-youtube wp-embed-aspect-16-9 wp-has-aspect-ratio\"><div class=\"wp-block-embed__wrapper\">\n<iframe loading=\"lazy\" title=\"Io sono tranquillo e sereno\" width=\"500\" height=\"281\" src=\"https:\/\/www.youtube.com\/embed\/vUmWpBhL3_o?list=PLLnp9XgmlaS_rDD7LhN_CBwm-8dcQT3mF\" frameborder=\"0\" allow=\"accelerometer; autoplay; clipboard-write; encrypted-media; gyroscope; picture-in-picture; web-share\" referrerpolicy=\"strict-origin-when-cross-origin\" allowfullscreen><\/iframe>\n<\/div><\/figure>\n<\/div>\n<\/div>\n\n<div class=\"wp-block-columns is-layout-flex wp-container-core-columns-is-layout-9d6595d7 wp-block-columns-is-layout-flex\">\n<div class=\"wp-block-column is-layout-flow wp-block-column-is-layout-flow\">\n<figure class=\"wp-block-embed is-type-video is-provider-youtube wp-block-embed-youtube wp-embed-aspect-16-9 wp-has-aspect-ratio\"><div class=\"wp-block-embed__wrapper\">\n<iframe loading=\"lazy\" title=\"Se il mio popolo\" width=\"500\" height=\"281\" src=\"https:\/\/www.youtube.com\/embed\/FZjpWRa1X7w?list=PLLnp9XgmlaS_rDD7LhN_CBwm-8dcQT3mF\" frameborder=\"0\" allow=\"accelerometer; autoplay; clipboard-write; encrypted-media; gyroscope; picture-in-picture; web-share\" referrerpolicy=\"strict-origin-when-cross-origin\" allowfullscreen><\/iframe>\n<\/div><\/figure>\n<\/div>\n\n\n\n<div class=\"wp-block-column is-layout-flow wp-block-column-is-layout-flow\">\n<figure class=\"wp-block-embed is-type-video is-provider-youtube wp-block-embed-youtube wp-embed-aspect-16-9 wp-has-aspect-ratio\"><div class=\"wp-block-embed__wrapper\">\n<iframe loading=\"lazy\" title=\"Il Suo amore per me\" width=\"500\" height=\"281\" src=\"https:\/\/www.youtube.com\/embed\/-nkZOZXmhxU?list=PLLnp9XgmlaS_rDD7LhN_CBwm-8dcQT3mF\" frameborder=\"0\" allow=\"accelerometer; autoplay; clipboard-write; encrypted-media; gyroscope; picture-in-picture; web-share\" referrerpolicy=\"strict-origin-when-cross-origin\" allowfullscreen><\/iframe>\n<\/div><\/figure>\n<\/div>\n<\/div>\n\n<div class=\"wp-block-columns is-layout-flex wp-container-core-columns-is-layout-9d6595d7 wp-block-columns-is-layout-flex\">\n<div class=\"wp-block-column is-layout-flow wp-block-column-is-layout-flow\">\n<figure class=\"wp-block-embed is-type-video is-provider-youtube wp-block-embed-youtube wp-embed-aspect-16-9 wp-has-aspect-ratio\"><div class=\"wp-block-embed__wrapper\">\n<iframe loading=\"lazy\" title=\"Chi ci far\u00e0 rotolare la pietra\" width=\"500\" height=\"281\" src=\"https:\/\/www.youtube.com\/embed\/_9X__TNjA_A?list=PLLnp9XgmlaS_rDD7LhN_CBwm-8dcQT3mF\" frameborder=\"0\" allow=\"accelerometer; autoplay; clipboard-write; encrypted-media; gyroscope; picture-in-picture; web-share\" referrerpolicy=\"strict-origin-when-cross-origin\" allowfullscreen><\/iframe>\n<\/div><\/figure>\n<\/div>\n\n\n\n<div class=\"wp-block-column is-layout-flow wp-block-column-is-layout-flow\">\n<p><\/p>\n<\/div>\n<\/div>\n\n<div style=\"height:50px\" aria-hidden=\"true\" class=\"wp-block-spacer\"><\/div>\n","protected":false},"excerpt":{"rendered":"<p>Aceast\u0103 colec\u021bie de c\u00e2ntece a fost compilat\u0103 pentru a marca cea de-a 30-a aniversare a fond\u0103rii Comunit\u0103\u021bii \u0219i a fost prezentat\u0103 la Conven\u021bia general\u0103 din ianuarie 2008. Este alc\u0103tuit din 16 c\u00e2ntece compuse de \u0219ase autori diferi\u021bi, toate legate \u00eentr-un fel sau altul de tema Cuv\u00e2ntului lui Dumnezeu. Mai jos este o list\u0103 a c\u00e2ntecelor [&hellip;]<\/p>\n","protected":false},"author":3,"featured_media":15854,"parent":19154,"menu_order":0,"comment_status":"closed","ping_status":"closed","template":"","meta":{"om_disable_all_campaigns":false,"_monsterinsights_skip_tracking":false,"_monsterinsights_sitenote_active":false,"_monsterinsights_sitenote_note":"","_monsterinsights_sitenote_category":0,"_uf_show_specific_survey":0,"_uf_disable_surveys":false,"footnotes":""},"class_list":["post-19143","page","type-page","status-publish","has-post-thumbnail","hentry"],"aioseo_notices":[],"_links":{"self":[{"href":"https:\/\/comunitamagnificat.org\/ro\/wp-json\/wp\/v2\/pages\/19143","targetHints":{"allow":["GET"]}}],"collection":[{"href":"https:\/\/comunitamagnificat.org\/ro\/wp-json\/wp\/v2\/pages"}],"about":[{"href":"https:\/\/comunitamagnificat.org\/ro\/wp-json\/wp\/v2\/types\/page"}],"author":[{"embeddable":true,"href":"https:\/\/comunitamagnificat.org\/ro\/wp-json\/wp\/v2\/users\/3"}],"replies":[{"embeddable":true,"href":"https:\/\/comunitamagnificat.org\/ro\/wp-json\/wp\/v2\/comments?post=19143"}],"version-history":[{"count":4,"href":"https:\/\/comunitamagnificat.org\/ro\/wp-json\/wp\/v2\/pages\/19143\/revisions"}],"predecessor-version":[{"id":24953,"href":"https:\/\/comunitamagnificat.org\/ro\/wp-json\/wp\/v2\/pages\/19143\/revisions\/24953"}],"up":[{"embeddable":true,"href":"https:\/\/comunitamagnificat.org\/ro\/wp-json\/wp\/v2\/pages\/19154"}],"wp:featuredmedia":[{"embeddable":true,"href":"https:\/\/comunitamagnificat.org\/ro\/wp-json\/wp\/v2\/media\/15854"}],"wp:attachment":[{"href":"https:\/\/comunitamagnificat.org\/ro\/wp-json\/wp\/v2\/media?parent=19143"}],"curies":[{"name":"wp","href":"https:\/\/api.w.org\/{rel}","templated":true}]}}