{"id":19185,"date":"2024-08-23T00:42:23","date_gmt":"2024-08-22T22:42:23","guid":{"rendered":"https:\/\/comunitamagnificat.org\/vocatie\/"},"modified":"2025-01-22T17:35:19","modified_gmt":"2025-01-22T16:35:19","slug":"vocatie","status":"publish","type":"page","link":"https:\/\/comunitamagnificat.org\/ro\/vocatie\/","title":{"rendered":"Voca\u021bie"},"content":{"rendered":"\n<div style=\"height:30px\" aria-hidden=\"true\" class=\"wp-block-spacer\"><\/div>\n\n<blockquote class=\"wp-block-quote is-layout-flow wp-block-quote-is-layout-flow\">\n<p><strong><em>Nu voi m-a\u0163i ales pe mine,<\/em><\/strong><strong><em> ci eu v-am ales pe voi<\/em><\/strong><\/p>\n<cite><em>Ioan<\/em> 15, 16<\/cite><\/blockquote>\n\n<div style=\"height:30px\" aria-hidden=\"true\" class=\"wp-block-spacer\"><\/div>\n\n<p>Pentru membrii comunit\u0103\u021bii,<em>leg\u0103m\u00e2ntul<\/em> este o adev\u0103rat\u0103 voca\u021bie care este integrat\u0103 \u00een starea de via\u021b\u0103 \u00een care se afl\u0103: \u00een via\u021ba conjugal\u0103, \u00een paternitate \u0219i maternitate, \u00een celibat pentru \u00cemp\u0103r\u0103\u021bie, \u00een slujirea consacrat\u0103.<\/p>\n\n<div style=\"height:30px\" aria-hidden=\"true\" class=\"wp-block-spacer\"><\/div>\n\n<p>Se ajunge la con\u0219tientizarea unei astfel de voca\u021bii prin intermediul unei c\u0103i de discern\u0103m\u00e2nt care \u00eencepe de departe&#8230;<\/p>\n\n<div style=\"height:30px\" aria-hidden=\"true\" class=\"wp-block-spacer\"><\/div>\n\n<p>Fra\u021bilor \u0219i surorilor care intr\u0103 \u00een contact cu Comunitatea, dup\u0103 experien\u021ba <em>efuziunii Duhului Sf\u00e2nt<\/em>, li se ofer\u0103 un drum de aprofundare \u0219i cre\u0219tere, astfel \u00eenc\u00e2t <em>noua via\u021b\u0103 \u00een Duhul<\/em> experimentat\u0103 s\u0103 prind\u0103 r\u0103d\u0103cini solide.<\/p>\n\n<div style=\"height:30px\" aria-hidden=\"true\" class=\"wp-block-spacer\"><\/div>\n\n<p>Acest drum, numit <em>discipolat<\/em>, conduce persoanele s\u0103 descopere c\u0103 a fi cre\u0219tin \u00eenseamn\u0103 a intra \u00eentr-o rela\u021bie comunitar\u0103 din ce \u00een ce mai profund\u0103 cu al\u021bii care fac acest parcurs \u00eempreun\u0103 cu ele, av\u00e2nd ca model prima comunitate cre\u0219tin\u0103.<\/p>\n\n<div style=\"height:30px\" aria-hidden=\"true\" class=\"wp-block-spacer\"><\/div>\n\n<p>Prin urmare, \u00een timpul uceniciei, fra\u021bii \u0219i surorile sunt ajuta\u021bi s\u0103 asculte Duhul Sf\u00e2nt pentru a le dezv\u0103lui care este planul lui Dumnezeu pentru ei, la ce comunitate cre\u0219tin\u0103 \u00eei cheam\u0103 s\u0103 se al\u0103ture. Unii, sim\u021bind c\u0103 tocmai Comunitatea Magnificat este cea la care \u00eei cheam\u0103 Domnul, \u00eencep drumul de discern\u0103m\u00e2nt care, din <em>ucenicie<\/em>, \u00eei conduce la <em>\u0219coala comunit\u0103\u021bii<\/em> \u0219i care \u00eei poate duce apoi s\u0103 cear\u0103 experien\u021ba <em>C\u0103ii de admitere<\/em>, \u00een vederea intr\u0103rii \u00een <em>Leg\u0103m\u00e2nt<\/em>. <\/p>\n\n<div style=\"height:50px\" aria-hidden=\"true\" class=\"wp-block-spacer\"><\/div>\n","protected":false},"excerpt":{"rendered":"<p>Nu voi m-a\u0163i ales pe mine, ci eu v-am ales pe voi Ioan 15, 16 Pentru membrii comunit\u0103\u021bii,leg\u0103m\u00e2ntul este o adev\u0103rat\u0103 voca\u021bie care este integrat\u0103 \u00een starea de via\u021b\u0103 \u00een care se afl\u0103: \u00een via\u021ba conjugal\u0103, \u00een paternitate \u0219i maternitate, \u00een celibat pentru \u00cemp\u0103r\u0103\u021bie, \u00een slujirea consacrat\u0103. Se ajunge la con\u0219tientizarea unei astfel de voca\u021bii [&hellip;]<\/p>\n","protected":false},"author":3,"featured_media":10870,"parent":0,"menu_order":0,"comment_status":"closed","ping_status":"closed","template":"","meta":{"om_disable_all_campaigns":false,"_monsterinsights_skip_tracking":false,"_monsterinsights_sitenote_active":false,"_monsterinsights_sitenote_note":"","_monsterinsights_sitenote_category":0,"_uf_show_specific_survey":0,"_uf_disable_surveys":false,"footnotes":""},"class_list":["post-19185","page","type-page","status-publish","has-post-thumbnail","hentry"],"aioseo_notices":[],"_links":{"self":[{"href":"https:\/\/comunitamagnificat.org\/ro\/wp-json\/wp\/v2\/pages\/19185","targetHints":{"allow":["GET"]}}],"collection":[{"href":"https:\/\/comunitamagnificat.org\/ro\/wp-json\/wp\/v2\/pages"}],"about":[{"href":"https:\/\/comunitamagnificat.org\/ro\/wp-json\/wp\/v2\/types\/page"}],"author":[{"embeddable":true,"href":"https:\/\/comunitamagnificat.org\/ro\/wp-json\/wp\/v2\/users\/3"}],"replies":[{"embeddable":true,"href":"https:\/\/comunitamagnificat.org\/ro\/wp-json\/wp\/v2\/comments?post=19185"}],"version-history":[{"count":5,"href":"https:\/\/comunitamagnificat.org\/ro\/wp-json\/wp\/v2\/pages\/19185\/revisions"}],"predecessor-version":[{"id":22612,"href":"https:\/\/comunitamagnificat.org\/ro\/wp-json\/wp\/v2\/pages\/19185\/revisions\/22612"}],"wp:featuredmedia":[{"embeddable":true,"href":"https:\/\/comunitamagnificat.org\/ro\/wp-json\/wp\/v2\/media\/10870"}],"wp:attachment":[{"href":"https:\/\/comunitamagnificat.org\/ro\/wp-json\/wp\/v2\/media?parent=19185"}],"curies":[{"name":"wp","href":"https:\/\/api.w.org\/{rel}","templated":true}]}}