{"id":23796,"date":"2025-05-08T10:37:29","date_gmt":"2025-05-08T08:37:29","guid":{"rendered":"https:\/\/comunitamagnificat.org\/numiri-casa-tabor\/"},"modified":"2026-01-21T17:33:08","modified_gmt":"2026-01-21T16:33:08","slug":"numiri-casa-tabor","status":"publish","type":"page","link":"https:\/\/comunitamagnificat.org\/ro\/numiri-casa-tabor\/","title":{"rendered":"Casa de rug\u0103ciune Tabor"},"content":{"rendered":"\n<section id=\"magnificat-wide-full-img-text-block_6067a4c199f77\" class=\"wp-block-magnificat-wide-full-img-text 1\">\n    <div class=\"img\">\n        <picture><source type='image\/jpeg' srcset='https:\/\/comunitamagnificat.org\/wp-content\/uploads\/2026\/01\/casa-tabor.jpg 1600w, https:\/\/comunitamagnificat.org\/wp-content\/uploads\/2026\/01\/casa-tabor-300x226.jpg 300w, https:\/\/comunitamagnificat.org\/wp-content\/uploads\/2026\/01\/casa-tabor-1024x771.jpg 1024w, https:\/\/comunitamagnificat.org\/wp-content\/uploads\/2026\/01\/casa-tabor-768x578.jpg 768w, https:\/\/comunitamagnificat.org\/wp-content\/uploads\/2026\/01\/casa-tabor-1536x1156.jpg 1536w' sizes='(max-width: 1600px) 100vw, 1600px' \/><img loading=\"lazy\" decoding=\"async\" width=\"1600\" height=\"1204\" src=\"https:\/\/comunitamagnificat.org\/wp-content\/uploads\/2026\/01\/casa-tabor.jpg\" class=\"attachment-full size-full\" alt=\"\" tcimage-skip=\"true\"  sizes=\"auto, (max-width: 1600px) 100vw, 1600px\" \/><\/picture>    <\/div>\n    <div class=\"text\">\n        <h2><\/h2>\n        <h1><\/h1>\n        <p class=\"focus\"><\/p>\n        <p><em>&#8222;Casa mea va fi numit\u0103 cas\u0103 de rug\u0103ciune pentru toate popoarele<\/em>&#8221; (Is 56:7).<\/p>\n<p data-path-to-node=\"1\"><b data-path-to-node=\"1\" data-index-in-node=\"0\">Casa Tabor<\/b> este o <b data-path-to-node=\"1\" data-index-in-node=\"17\">cas\u0103 de rug\u0103ciune<\/b>, nu pentru uzul exclusiv al Comunit\u0103\u021bii Magnificat, ci <b data-path-to-node=\"1\" data-index-in-node=\"87\">deschis\u0103 tuturor<\/b>. Se dore\u0219te a fi o oportunitate pentru oricine dore\u0219te s\u0103 \u00ee\u0219i aprofundeze <b data-path-to-node=\"1\" data-index-in-node=\"180\">experien\u021ba cu Dumnezeu<\/b>.<\/p>\n<p data-path-to-node=\"2\">\u00cen acest sens, o mare parte din activit\u0103\u021bile Casei au devenit parte a <b data-path-to-node=\"2\" data-index-in-node=\"99\">propunerii de formare a diecezei de Perugia<\/b>, iar episcopul a numit un <b data-path-to-node=\"2\" data-index-in-node=\"172\">asistent spiritual<\/b>, recunosc\u00e2nd-o astfel ca o <b data-path-to-node=\"2\" data-index-in-node=\"224\">structur\u0103 de formare<\/b> aflat\u0103, de asemenea, \u00een serviciul diecezei, p\u0103str\u00e2ndu-\u0219i \u00een acela\u0219i timp autonomia deplin\u0103.<\/p>\n        <div class=\"wp-block-buttons\">\n                <\/div>\n    <\/div>\n<\/section>\n\n<p>Casa ofer\u0103 o varietate de activit\u0103\u021bi:<\/p>\n\n<ul class=\"wp-block-list\">\n<li>RETRAGERI <strong>SPIRITUALE <\/strong><br\/>Retragerile, care dureaz\u0103 \u00een mod normal un weekend, se desf\u0103\u0219oar\u0103 \u00eentr-o atmosfer\u0103 fratern\u0103 \u0219i cu momente relaxate de odihn\u0103 \u00een Domnul \u0219i de cre\u0219tere \u00een comuniune cu El \u0219i cu fra\u021bii. Acestea includ momente de rug\u0103ciune liturgic\u0103 (liturgia orelor \u0219i celebrarea euharistic\u0103), momente de adora\u021bie, timp amplu de lini\u0219te pentru rug\u0103ciunea personal\u0103, catehez\u0103, \u00eemp\u0103rt\u0103\u0219ire, \u00eempreun\u0103 cu momente de convivialitate. Prezen\u021ba continu\u0103 este necesar\u0103 pentru participare, chiar dac\u0103 nu este reziden\u021bial\u0103.    <\/li>\n\n\n\n<li>\u00ceNT\u00c2LNIRI <strong>PENTRU CUPLURI C\u0102S\u0102TORI\u021aI \u0218I PRIETENI<\/strong><br\/>Unele \u00eent\u00e2lniri se adreseaz\u0103 \u00een mod special cuplurilor pentru a le ajuta s\u0103-\u0219i tr\u0103iasc\u0103 pe deplin voca\u021bia de c\u0103s\u0103tori\u021bi.  <\/li>\n\n\n\n<li>\u00ceNT\u00c2LNIRI <strong>DE VINDECARE<\/strong><br\/>\u00cen conformitate cu spiritualitatea tipic\u0103 a Rena\u0219terii Carismatice \u0219i a Comunit\u0103\u021bii Magnificat, Casa ofer\u0103 \u00eent\u00e2lniri pentru vindecare interioar\u0103.<\/li>\n\n\n\n<li><strong>CURSURI<\/strong> DE FORMARE<br\/>Casa ofer\u0103 sesiuni de formare de una sau mai multe zile pe diverse teme spirituale.<\/li>\n\n\n\n<li><strong>ZILE DE <\/strong> MUNC\u0102 <strong>\u0218I DE RUG\u0102CIUNE <\/strong><br\/>Pe tot parcursul anului, sunt propuse zile de lucru, cum ar fi recoltarea m\u0103slinelor sau lucr\u0103rile pentru cas\u0103, punctate de ritmul rug\u0103ciunii.<\/li>\n\n\n\n<li><strong>CATEDRE<\/strong><br\/>Cu anumite ocazii, \u00een special \u00een perioadele dificile, Casa ofer\u0103 cateheze pe baza unei singure sau a mai multor cateheze.<\/li>\n\n\n\n<li><strong>ZILE DE FRATERNITATE<\/strong><br\/>Casa propune, \u00een zile speciale, momente de s\u0103rb\u0103toare \u0219i fraternitate, cum ar fi ajunul Anului Nou \u0219i Transfigurarea, s\u0103rb\u0103toarea Casei.<\/li>\n<\/ul>\n\n<div style=\"height:100px\" aria-hidden=\"true\" class=\"wp-block-spacer\"><\/div>\n\n<div class=\"wp-block-columns is-layout-flex wp-container-core-columns-is-layout-9d6595d7 wp-block-columns-is-layout-flex\">\n<div class=\"wp-block-column is-layout-flow wp-block-column-is-layout-flow\">\n<figure class=\"wp-block-image size-large\"><a href=\"https:\/\/comunitamagnificat.org\/wp-content\/uploads\/2026\/01\/WhatsApp-Image-2026-01-21-at-16.57.47-724x1024.jpeg\"><picture data-lightbox=\"https:\/\/comunitamagnificat.org\/wp-content\/uploads\/2026\/01\/WhatsApp-Image-2026-01-21-at-16.57.47.jpeg\"><source type='image\/jpeg' srcset='https:\/\/comunitamagnificat.org\/wp-content\/uploads\/2026\/01\/WhatsApp-Image-2026-01-21-at-16.57.47.jpeg 842w, https:\/\/comunitamagnificat.org\/wp-content\/uploads\/2026\/01\/WhatsApp-Image-2026-01-21-at-16.57.47-212x300.jpeg 212w, https:\/\/comunitamagnificat.org\/wp-content\/uploads\/2026\/01\/WhatsApp-Image-2026-01-21-at-16.57.47-724x1024.jpeg 724w, https:\/\/comunitamagnificat.org\/wp-content\/uploads\/2026\/01\/WhatsApp-Image-2026-01-21-at-16.57.47-768x1086.jpeg 768w' sizes='(max-width: 842px) 100vw, 842px' \/><img loading=\"lazy\" decoding=\"async\" width=\"724\" height=\"1024\" src=\"https:\/\/comunitamagnificat.org\/wp-content\/uploads\/2026\/01\/WhatsApp-Image-2026-01-21-at-16.57.47-724x1024.jpeg\" alt=\"\" class=\"wp-image-26729\"\/><\/picture><\/a><\/figure>\n<\/div>\n\n\n\n<div class=\"wp-block-column is-layout-flow wp-block-column-is-layout-flow\">\n<p>\u00cen cadrul diverselor \u00eent\u00e2lniri oferite, participan\u021bii sunt invita\u021bi s\u0103 tr\u0103iasc\u0103 ca membri ai Casei, \u00eemp\u0103r\u021bind serviciul la mas\u0103 \u0219i cur\u0103\u021b\u00e2nd refectoriul \u0219i vasele, \u00eentr-o atmosfer\u0103 de familie.  <\/p>\n\n\n\n<p>Casa are \u00eentre zece \u0219i dou\u0103zeci de paturi disponibile, \u00een func\u021bie de faptul dac\u0103 pute\u021bi sau nu s\u0103 sta\u021bi \u00eentr-o camer\u0103 dubl\u0103.  <\/p>\n\n\n\n<p>Pentru toate evenimentele nu exist\u0103 nicio tax\u0103 de participare, dar se ofer\u0103 o ofert\u0103 gratuit\u0103 pentru cheltuielile casei.<\/p>\n\n\n\n<p>\u00cen plus fa\u021b\u0103 de cele de mai sus, <strong>\u00een perioadele \u00een care casa este locuit\u0103 permanent<\/strong>, sunt oferite \u0219i alte oportunit\u0103\u021bi deschise tuturor:<\/p>\n\n\n\n<ul class=\"wp-block-list\">\n<li><strong>celebrarea Laudiilor, a Rozariului \u0219i a Vecerniei<\/strong> (aceasta din urm\u0103 fiind adesea inclus\u0103 \u00een Liturghie) la ore specifice.<\/li>\n<\/ul>\n\n\n\n<ul class=\"wp-block-list\">\n<li><strong>posibilitatea de a accesa capela casei<\/strong> \u00een orice moment al zilei pentru rug\u0103ciune personal\u0103.<\/li>\n<\/ul>\n\n\n\n<ul class=\"wp-block-list\">\n<li><strong>posibilitatea de a efectua o retragere pe cont propriu<\/strong>, chiar \u0219i de c\u00e2teva zile, \u00een timpul \u0219ederii \u00een Cas\u0103.<\/li>\n<\/ul>\n\n\n\n<ul class=\"wp-block-list\">\n<li><strong>posibilitatea de a avea pe cineva disponibil<\/strong> pentru a vorbi \u0219i a se ruga.  <\/li>\n<\/ul>\n<\/div>\n<\/div>\n","protected":false},"excerpt":{"rendered":"<p>Casa ofer\u0103 o varietate de activit\u0103\u021bi: \u00cen cadrul diverselor \u00eent\u00e2lniri oferite, participan\u021bii sunt invita\u021bi s\u0103 tr\u0103iasc\u0103 ca membri ai Casei, \u00eemp\u0103r\u021bind serviciul la mas\u0103 \u0219i cur\u0103\u021b\u00e2nd refectoriul \u0219i vasele, \u00eentr-o atmosfer\u0103 de familie. Casa are \u00eentre zece \u0219i dou\u0103zeci de paturi disponibile, \u00een func\u021bie de faptul dac\u0103 pute\u021bi sau nu s\u0103 sta\u021bi \u00eentr-o camer\u0103 dubl\u0103. [&hellip;]<\/p>\n","protected":false},"author":2,"featured_media":24739,"parent":0,"menu_order":0,"comment_status":"closed","ping_status":"closed","template":"templates\/casa-tabor.php","meta":{"om_disable_all_campaigns":false,"_monsterinsights_skip_tracking":false,"_monsterinsights_sitenote_active":false,"_monsterinsights_sitenote_note":"","_monsterinsights_sitenote_category":0,"_uf_show_specific_survey":0,"_uf_disable_surveys":false,"footnotes":""},"class_list":["post-23796","page","type-page","status-publish","has-post-thumbnail","hentry"],"aioseo_notices":[],"_links":{"self":[{"href":"https:\/\/comunitamagnificat.org\/ro\/wp-json\/wp\/v2\/pages\/23796","targetHints":{"allow":["GET"]}}],"collection":[{"href":"https:\/\/comunitamagnificat.org\/ro\/wp-json\/wp\/v2\/pages"}],"about":[{"href":"https:\/\/comunitamagnificat.org\/ro\/wp-json\/wp\/v2\/types\/page"}],"author":[{"embeddable":true,"href":"https:\/\/comunitamagnificat.org\/ro\/wp-json\/wp\/v2\/users\/2"}],"replies":[{"embeddable":true,"href":"https:\/\/comunitamagnificat.org\/ro\/wp-json\/wp\/v2\/comments?post=23796"}],"version-history":[{"count":20,"href":"https:\/\/comunitamagnificat.org\/ro\/wp-json\/wp\/v2\/pages\/23796\/revisions"}],"predecessor-version":[{"id":26738,"href":"https:\/\/comunitamagnificat.org\/ro\/wp-json\/wp\/v2\/pages\/23796\/revisions\/26738"}],"wp:featuredmedia":[{"embeddable":true,"href":"https:\/\/comunitamagnificat.org\/ro\/wp-json\/wp\/v2\/media\/24739"}],"wp:attachment":[{"href":"https:\/\/comunitamagnificat.org\/ro\/wp-json\/wp\/v2\/media?parent=23796"}],"curies":[{"name":"wp","href":"https:\/\/api.w.org\/{rel}","templated":true}]}}